{"id":1953,"date":"2024-09-30T19:56:23","date_gmt":"2024-09-30T19:56:23","guid":{"rendered":"https:\/\/www.respel.cl\/ResiduosPeligrosos\/?page_id=1953"},"modified":"2024-10-18T21:18:14","modified_gmt":"2024-10-18T21:18:14","slug":"sustentabilidad-proyecto-respel","status":"publish","type":"page","link":"https:\/\/www.respel.cl\/ResiduosPeligrosos\/sustentabilidad-proyecto-respel\/","title":{"rendered":"Sustentabilidad Respel"},"content":{"rendered":"\t\t<div data-elementor-type=\"wp-page\" data-elementor-id=\"1953\" class=\"elementor elementor-1953\">\n\t\t\t\t<div class=\"elementor-element elementor-element-36d4f46 e-flex e-con-boxed e-con e-parent\" data-id=\"36d4f46\" data-element_type=\"container\" data-e-type=\"container\">\n\t\t\t\t\t<div class=\"e-con-inner\">\n\t\t<div class=\"elementor-element elementor-element-4a827f58 e-con-full e-flex e-con e-child\" data-id=\"4a827f58\" data-element_type=\"container\" data-e-type=\"container\">\n\t\t\t\t<div class=\"elementor-element elementor-element-7a89b030 elementor-widget elementor-widget-heading\" data-id=\"7a89b030\" data-element_type=\"widget\" data-e-type=\"widget\" data-widget_type=\"heading.default\">\n\t\t\t\t<div class=\"elementor-widget-container\">\n\t\t\t\t\t<h2 class=\"elementor-heading-title elementor-size-default\">LA SUSTENTABILIDAD <\/h2>\t\t\t\t<\/div>\n\t\t\t\t<\/div>\n\t\t\t\t<div class=\"elementor-element elementor-element-237aac2a elementor-widget elementor-widget-text-editor\" data-id=\"237aac2a\" data-element_type=\"widget\" data-e-type=\"widget\" data-widget_type=\"text-editor.default\">\n\t\t\t\t<div class=\"elementor-widget-container\">\n\t\t\t\t\t\t\t\t\t<p>La sustentabilidad se ha convertido en un enfoque fundamental para las\u00a0sociedades del siglo XXI, buscando un delicado equilibrio entre el desarrollo\u00a0econ\u00f3mico, social y ambiental. A continuaci\u00f3n, exploramos c\u00f3mo se materializa\u00a0este concepto en Chile y a nivel global desde la perspectiva de Respel.<\/p><p>\u00a0<\/p><p>\u00a0<\/p><p><strong>Sustentabilidad en Chile<\/strong><\/p><p><strong>\u00a0<\/strong><\/p><p><strong>1.<\/strong> <strong>Pol\u00edticas y Normativas: Agenda 2030:<\/strong><\/p><p><strong>\u00a0<\/strong><\/p><p>Chile ha tomado un compromiso firme con los\u00a0Objetivos de Desarrollo Sostenible (ODS) establecidos por la ONU,\u00a0enfoc\u00e1ndose en\u00a0 pol\u00edticas que abordan la pobreza, la igualdad de\u00a0g\u00e9nero y la acci\u00f3n clim\u00e1tica de manera integral. Ley de Cambio Clim\u00e1tico:\u00a0Promulgada en 2022, esta ley representa\u00a0un paso significativo hacia la reducci\u00f3n de emisiones de gases de\u00a0 efecto invernadero, adem\u00e1s de establecer medidas para la\u00a0adaptaci\u00f3n al cambio clim\u00e1tico que ya est\u00e1 afectando al pa\u00eds.<\/p><p>\u00a0<\/p><p><strong>2.<\/strong> <strong>Energ\u00edas Renovables:<\/strong><\/p><p><strong>\u00a0<\/strong><\/p><p>Chile se posiciona como l\u00edder en la implementaci\u00f3n de energ\u00edas\u00a0limpias, destacando en la generaci\u00f3n de energ\u00eda solar y e\u00f3lica. Esta\u00a0transformaci\u00f3n ha permitido un notable incremento en la capacidad\u00a0de generaci\u00f3n sostenible, contribuyendo a la descarbonizaci\u00f3n del\u00a0sistema energ\u00e9tico.<\/p><p>\u00a0<\/p><p><strong>3.<\/strong> <strong>Gesti\u00f3n de Recursos Naturales<\/strong>:\u00a0<\/p><p>\u00a0<\/p><p>El pa\u00eds est\u00e1 implementando iniciativas para la protecci\u00f3n de ecosistemas cr\u00edticos, incluyendo la conservaci\u00f3n de bosques, la biodiversidad marina y los recursos h\u00eddricos. La reforestaci\u00f3n y los proyectos de conservaci\u00f3n est\u00e1n ganando terreno cada d\u00eda m\u00e1s,\u00a0mostrando un compromiso creciente con la naturaleza.<\/p><p>\u00a0<\/p><p><strong>4. Desaf\u00edos:<\/strong><\/p><p>\u00a0<\/p><p>A pesar de los avances, Chile enfrenta obst\u00e1culos significativos,\u00a0tales como la desigualdad social, la contaminaci\u00f3n del aire y del\u00a0agua, as\u00ed como la gesti\u00f3n inadecuada de residuos, que requieren\u00a0atenci\u00f3n y acci\u00f3n decidida.<\/p>\t\t\t\t\t\t\t\t<\/div>\n\t\t\t\t<\/div>\n\t\t\t\t<\/div>\n\t\t<div class=\"elementor-element elementor-element-5bbcdbe4 e-con-full e-flex e-con e-child\" data-id=\"5bbcdbe4\" data-element_type=\"container\" data-e-type=\"container\">\n\t\t\t\t<div class=\"elementor-element elementor-element-3fa7225e elementor-invisible elementor-widget elementor-widget-image\" data-id=\"3fa7225e\" data-element_type=\"widget\" data-e-type=\"widget\" data-settings=\"{&quot;_animation&quot;:&quot;zoomInDown&quot;}\" data-widget_type=\"image.default\">\n\t\t\t\t<div class=\"elementor-widget-container\">\n\t\t\t\t\t\t\t\t\t\t\t\t\t\t\t<img fetchpriority=\"high\" decoding=\"async\" width=\"494\" height=\"960\" src=\"https:\/\/www.respel.cl\/ResiduosPeligrosos\/wp-content\/uploads\/2024\/09\/b6e46f3be5d56666afa1604a8c4a2760.jpg\" class=\"attachment-large size-large wp-image-1860\" alt=\"\" srcset=\"https:\/\/www.respel.cl\/ResiduosPeligrosos\/wp-content\/uploads\/2024\/09\/b6e46f3be5d56666afa1604a8c4a2760.jpg 494w, https:\/\/www.respel.cl\/ResiduosPeligrosos\/wp-content\/uploads\/2024\/09\/b6e46f3be5d56666afa1604a8c4a2760-154x300.jpg 154w\" sizes=\"(max-width: 494px) 100vw, 494px\" \/>\t\t\t\t\t\t\t\t\t\t\t\t\t\t\t<\/div>\n\t\t\t\t<\/div>\n\t\t\t\t<\/div>\n\t\t\t\t\t<\/div>\n\t\t\t\t<\/div>\n\t\t<div class=\"elementor-element elementor-element-86d7326 e-flex e-con-boxed e-con e-parent\" data-id=\"86d7326\" data-element_type=\"container\" data-e-type=\"container\">\n\t\t\t\t\t<div class=\"e-con-inner\">\n\t\t\t\t<div class=\"elementor-element elementor-element-280ff06 elementor-widget-divider--view-line elementor-widget elementor-widget-divider\" data-id=\"280ff06\" data-element_type=\"widget\" data-e-type=\"widget\" data-widget_type=\"divider.default\">\n\t\t\t\t<div class=\"elementor-widget-container\">\n\t\t\t\t\t\t\t<div class=\"elementor-divider\">\n\t\t\t<span class=\"elementor-divider-separator\">\n\t\t\t\t\t\t<\/span>\n\t\t<\/div>\n\t\t\t\t\t\t<\/div>\n\t\t\t\t<\/div>\n\t\t\t\t\t<\/div>\n\t\t\t\t<\/div>\n\t\t<div class=\"elementor-element elementor-element-3f95881b e-flex e-con-boxed e-con e-parent\" data-id=\"3f95881b\" data-element_type=\"container\" data-e-type=\"container\">\n\t\t\t\t\t<div class=\"e-con-inner\">\n\t\t<div class=\"elementor-element elementor-element-579ed810 e-con-full e-flex e-con e-child\" data-id=\"579ed810\" data-element_type=\"container\" data-e-type=\"container\">\n\t\t\t\t<div class=\"elementor-element elementor-element-6c3a97d3 elementor-widget elementor-widget-heading\" data-id=\"6c3a97d3\" data-element_type=\"widget\" data-e-type=\"widget\" data-widget_type=\"heading.default\">\n\t\t\t\t<div class=\"elementor-widget-container\">\n\t\t\t\t\t<h2 class=\"elementor-heading-title elementor-size-default\">SUSTENTABILIDAD EN EL MUNDO<\/h2>\t\t\t\t<\/div>\n\t\t\t\t<\/div>\n\t\t\t\t<div class=\"elementor-element elementor-element-31c970af elementor-widget elementor-widget-text-editor\" data-id=\"31c970af\" data-element_type=\"widget\" data-e-type=\"widget\" data-widget_type=\"text-editor.default\">\n\t\t\t\t<div class=\"elementor-widget-container\">\n\t\t\t\t\t\t\t\t\t<p>Sustentabilidad en el Mundo, Tendencias Globales:\u00a0<\/p><p><a href=\"http:\/\/WWW.RESPEL.CL\">www.Respel.cl<\/a><\/p><p>\u00a0<\/p><p><strong>Acuerdo de Par\u00eds:<\/strong><\/p><p>Este compromiso internacional establece un<br \/>marco para limitar el calentamiento global, impulsando a muchos<br \/>pa\u00edses a establecer metas ambiciosas de reducci\u00f3n de emisiones<br \/>que buscan un futuro habitable para todos.<\/p><p>\u00a0<\/p><p><strong>Econom\u00eda Circular:<\/strong><\/p><p>Cada vez m\u00e1s naciones est\u00e1n adoptando modelos circulares, que favorecen la reducci\u00f3n del desperdicio y promueven la reutilizaci\u00f3n y el reciclaje, cambiando la forma en que producimos y consumimos.<\/p><p>\u00a0<\/p><p><strong>Innovaci\u00f3n y Tecnolog\u00eda:<\/strong><br \/>La tecnolog\u00eda emerge como un factor clave en la sustentabilidad,<br \/>impulsando avances en energ\u00edas renovables, agricultura sostenible y\u00a0soluciones de transporte limpio, y brindando herramientas innovadoras para enfrentar los retos del futuro.<\/p><p>\u00a0<\/p><p><strong>Movimientos Sociales:<\/strong><\/p><p>La voz de la juventud y diversos movimientos sociales se alzan con\u00a0fuerza, exigiendo acciones concretas hacia la sostenibilidad,<br \/>demostrando que la presi\u00f3n social puede impulsar cambios<br \/>significativos.<\/p><p>\u00a0<\/p><p><strong>Desaf\u00edos Globales:<\/strong><br \/>o La pobreza, la desigualdad, el acceso al agua potable y el cambio\u00a0clim\u00e1tico son desaf\u00edos que requieren atenci\u00f3n urgente y colaboraci\u00f3n internacional, invitando a un trabajo conjunto para abordarlos efectivamente.<\/p><p>\u00a0<\/p><p><strong>Conclusi\u00f3n<\/strong><br \/>La sustentabilidad es un objetivo compartido tanto en Chile como en el \u00e1mbito\u00a0global. Si bien hemos alcanzado logros importantes, los desaf\u00edos que enfrentamos\u00a0son sustanciales y requieren un esfuerzo colectivo. La colaboraci\u00f3n entre\u00a0gobiernos, empresas y ciudadanos ser\u00e1 clave para avanzar hacia un futuro en el\u00a0que el equilibrio entre el desarrollo y la conservaci\u00f3n del planeta sea una realidad\u00a0tangible. En Respel, creemos que, con compromiso y acciones concretas, es\u00a0posible construir un mundo m\u00e1s sostenible.<\/p>\t\t\t\t\t\t\t\t<\/div>\n\t\t\t\t<\/div>\n\t\t\t\t<\/div>\n\t\t<div class=\"elementor-element elementor-element-798a1ef1 e-con-full e-flex e-con e-child\" data-id=\"798a1ef1\" data-element_type=\"container\" data-e-type=\"container\">\n\t\t\t\t<div class=\"elementor-element elementor-element-4c2b477c elementor-absolute elementor-invisible elementor-widget elementor-widget-image\" data-id=\"4c2b477c\" data-element_type=\"widget\" data-e-type=\"widget\" data-settings=\"{&quot;_position&quot;:&quot;absolute&quot;,&quot;_animation&quot;:&quot;fadeInUp&quot;}\" data-widget_type=\"image.default\">\n\t\t\t\t<div class=\"elementor-widget-container\">\n\t\t\t\t\t\t\t\t\t\t\t\t\t\t\t<img decoding=\"async\" width=\"564\" height=\"846\" src=\"https:\/\/www.respel.cl\/ResiduosPeligrosos\/wp-content\/uploads\/2024\/09\/64d18f1b76edd431b27ef6428ab98a67.jpg\" class=\"attachment-large size-large wp-image-1859\" alt=\"\" srcset=\"https:\/\/www.respel.cl\/ResiduosPeligrosos\/wp-content\/uploads\/2024\/09\/64d18f1b76edd431b27ef6428ab98a67.jpg 564w, https:\/\/www.respel.cl\/ResiduosPeligrosos\/wp-content\/uploads\/2024\/09\/64d18f1b76edd431b27ef6428ab98a67-200x300.jpg 200w\" sizes=\"(max-width: 564px) 100vw, 564px\" \/>\t\t\t\t\t\t\t\t\t\t\t\t\t\t\t<\/div>\n\t\t\t\t<\/div>\n\t\t\t\t<\/div>\n\t\t\t\t\t<\/div>\n\t\t\t\t<\/div>\n\t\t<div class=\"elementor-element elementor-element-5eb03be0 e-flex e-con-boxed e-con e-parent\" data-id=\"5eb03be0\" data-element_type=\"container\" data-e-type=\"container\">\n\t\t\t\t\t<div class=\"e-con-inner\">\n\t\t<div class=\"elementor-element elementor-element-3f1601b4 e-con-full e-flex e-con e-child\" data-id=\"3f1601b4\" data-element_type=\"container\" data-e-type=\"container\">\n\t\t\t\t<div class=\"elementor-element elementor-element-5dec4b7b elementor-widget elementor-widget-heading\" data-id=\"5dec4b7b\" data-element_type=\"widget\" data-e-type=\"widget\" data-widget_type=\"heading.default\">\n\t\t\t\t<div class=\"elementor-widget-container\">\n\t\t\t\t\t<h3 class=\"elementor-heading-title elementor-size-default\"><a href=\"https:\/\/www.respel.cl\/ResiduosPeligrosos\/contacto\/\"><br><br><br><br>TE PODEMOS AYUDAR: <br><br>\nESCRIBENOS A: <br><br><br><br>CONTACTO@RESPEL.C L<\/a><\/h3>\t\t\t\t<\/div>\n\t\t\t\t<\/div>\n\t\t\t\t<\/div>\n\t\t<div class=\"elementor-element elementor-element-20bb034a e-con-full e-flex e-con e-child\" data-id=\"20bb034a\" data-element_type=\"container\" data-e-type=\"container\">\n\t\t\t\t<div class=\"elementor-element elementor-element-bb3b6f1 elementor-widget elementor-widget-image\" data-id=\"bb3b6f1\" data-element_type=\"widget\" data-e-type=\"widget\" data-widget_type=\"image.default\">\n\t\t\t\t<div class=\"elementor-widget-container\">\n\t\t\t\t\t\t\t\t\t\t\t\t\t\t\t\t<a href=\"https:\/\/www.respel.cl\/ResiduosPeligrosos\/contacto\/\">\n\t\t\t\t\t\t\t<img decoding=\"async\" width=\"295\" height=\"271\" src=\"https:\/\/www.respel.cl\/ResiduosPeligrosos\/wp-content\/uploads\/2024\/08\/respel8-300x300-1.png\" class=\"attachment-large size-large wp-image-1581\" alt=\"\" \/>\t\t\t\t\t\t\t\t<\/a>\n\t\t\t\t\t\t\t\t\t\t\t\t\t\t\t<\/div>\n\t\t\t\t<\/div>\n\t\t\t\t<\/div>\n\t\t\t\t\t<\/div>\n\t\t\t\t<\/div>\n\t\t\t\t<\/div>\n\t\t","protected":false},"excerpt":{"rendered":"LA SUSTENTABILIDAD La sustentabilidad se ha convertido en un enfoque fundamental para las\u00a0sociedades del siglo XXI, buscando un delicado equilibrio entre el desarrollo\u00a0econ\u00f3mico, social y ambiental. A continuaci\u00f3n, exploramos c\u00f3mo se materializa\u00a0este concepto en Chile y a nivel global desde la perspectiva de Respel.\u00a0\u00a0Sustentabilidad en Chile\u00a01. Pol\u00edticas y Normativas: Agenda 2030:\u00a0Chile ha tomado un compromiso [&hellip;]","protected":false},"author":2,"featured_media":1862,"parent":0,"menu_order":0,"comment_status":"closed","ping_status":"closed","template":"","meta":{"footnotes":""},"class_list":["post-1953","page","type-page","status-publish","has-post-thumbnail","hentry"],"yoast_head":"<!-- This site is optimized with the Yoast SEO plugin v27.2 - https:\/\/yoast.com\/product\/yoast-seo-wordpress\/ -->\n<title>Sustentabilidad Respel - Plataforma Ambiental Respel<\/title>\n<meta name=\"robots\" content=\"index, follow, max-snippet:-1, max-image-preview:large, max-video-preview:-1\" \/>\n<link rel=\"canonical\" href=\"https:\/\/www.respel.cl\/ResiduosPeligrosos\/sustentabilidad-proyecto-respel\/\" \/>\n<meta property=\"og:locale\" content=\"es_ES\" \/>\n<meta property=\"og:type\" content=\"article\" \/>\n<meta property=\"og:title\" content=\"Sustentabilidad Respel - Plataforma Ambiental Respel\" \/>\n<meta property=\"og:description\" content=\"LA SUSTENTABILIDAD La sustentabilidad se ha convertido en un enfoque fundamental para las\u00a0sociedades del siglo XXI, buscando un delicado equilibrio entre el desarrollo\u00a0econ\u00f3mico, social y ambiental. A continuaci\u00f3n, exploramos c\u00f3mo se materializa\u00a0este concepto en Chile y a nivel global desde la perspectiva de Respel.\u00a0\u00a0Sustentabilidad en Chile\u00a01. Pol\u00edticas y Normativas: Agenda 2030:\u00a0Chile ha tomado un compromiso [&hellip;]\" \/>\n<meta property=\"og:url\" content=\"https:\/\/www.respel.cl\/ResiduosPeligrosos\/sustentabilidad-proyecto-respel\/\" \/>\n<meta property=\"og:site_name\" content=\"Plataforma Ambiental Respel\" \/>\n<meta property=\"article:modified_time\" content=\"2024-10-18T21:18:14+00:00\" \/>\n<meta property=\"og:image\" content=\"https:\/\/www.respel.cl\/ResiduosPeligrosos\/wp-content\/uploads\/2024\/09\/270485f6b92c88a9b50137fdd2078320.jpg\" \/>\n\t<meta property=\"og:image:width\" content=\"564\" \/>\n\t<meta property=\"og:image:height\" content=\"749\" \/>\n\t<meta property=\"og:image:type\" content=\"image\/jpeg\" \/>\n<meta name=\"twitter:card\" content=\"summary_large_image\" \/>\n<meta name=\"twitter:label1\" content=\"Tiempo de lectura\" \/>\n\t<meta name=\"twitter:data1\" content=\"3 minutos\" \/>\n<script type=\"application\/ld+json\" class=\"yoast-schema-graph\">{\"@context\":\"https:\/\/schema.org\",\"@graph\":[{\"@type\":\"WebPage\",\"@id\":\"https:\/\/www.respel.cl\/ResiduosPeligrosos\/sustentabilidad-proyecto-respel\/\",\"url\":\"https:\/\/www.respel.cl\/ResiduosPeligrosos\/sustentabilidad-proyecto-respel\/\",\"name\":\"Sustentabilidad Respel - Plataforma Ambiental Respel\",\"isPartOf\":{\"@id\":\"https:\/\/www.respel.cl\/ResiduosPeligrosos\/#website\"},\"primaryImageOfPage\":{\"@id\":\"https:\/\/www.respel.cl\/ResiduosPeligrosos\/sustentabilidad-proyecto-respel\/#primaryimage\"},\"image\":{\"@id\":\"https:\/\/www.respel.cl\/ResiduosPeligrosos\/sustentabilidad-proyecto-respel\/#primaryimage\"},\"thumbnailUrl\":\"https:\/\/www.respel.cl\/ResiduosPeligrosos\/wp-content\/uploads\/2024\/09\/270485f6b92c88a9b50137fdd2078320.jpg\",\"datePublished\":\"2024-09-30T19:56:23+00:00\",\"dateModified\":\"2024-10-18T21:18:14+00:00\",\"breadcrumb\":{\"@id\":\"https:\/\/www.respel.cl\/ResiduosPeligrosos\/sustentabilidad-proyecto-respel\/#breadcrumb\"},\"inLanguage\":\"es\",\"potentialAction\":[{\"@type\":\"ReadAction\",\"target\":[\"https:\/\/www.respel.cl\/ResiduosPeligrosos\/sustentabilidad-proyecto-respel\/\"]}]},{\"@type\":\"ImageObject\",\"inLanguage\":\"es\",\"@id\":\"https:\/\/www.respel.cl\/ResiduosPeligrosos\/sustentabilidad-proyecto-respel\/#primaryimage\",\"url\":\"https:\/\/www.respel.cl\/ResiduosPeligrosos\/wp-content\/uploads\/2024\/09\/270485f6b92c88a9b50137fdd2078320.jpg\",\"contentUrl\":\"https:\/\/www.respel.cl\/ResiduosPeligrosos\/wp-content\/uploads\/2024\/09\/270485f6b92c88a9b50137fdd2078320.jpg\",\"width\":564,\"height\":749},{\"@type\":\"BreadcrumbList\",\"@id\":\"https:\/\/www.respel.cl\/ResiduosPeligrosos\/sustentabilidad-proyecto-respel\/#breadcrumb\",\"itemListElement\":[{\"@type\":\"ListItem\",\"position\":1,\"name\":\"Portada\",\"item\":\"https:\/\/www.respel.cl\/ResiduosPeligrosos\/\"},{\"@type\":\"ListItem\",\"position\":2,\"name\":\"Sustentabilidad Respel\"}]},{\"@type\":\"WebSite\",\"@id\":\"https:\/\/www.respel.cl\/ResiduosPeligrosos\/#website\",\"url\":\"https:\/\/www.respel.cl\/ResiduosPeligrosos\/\",\"name\":\"Gesti\u00f3n Global de Residuos Respel\",\"description\":\"RESPEL.cl es una plataforma ambiental especializada en la gesti\u00f3n inteligente de residuos industriales peligrosos y no peligrosos, que impulsa la econom\u00eda circular mediante soluciones innovadoras, trazables y alineadas con la normativa vigente\",\"publisher\":{\"@id\":\"https:\/\/www.respel.cl\/ResiduosPeligrosos\/#organization\"},\"alternateName\":\"Respel en Chile\",\"potentialAction\":[{\"@type\":\"SearchAction\",\"target\":{\"@type\":\"EntryPoint\",\"urlTemplate\":\"https:\/\/www.respel.cl\/ResiduosPeligrosos\/?s={search_term_string}\"},\"query-input\":{\"@type\":\"PropertyValueSpecification\",\"valueRequired\":true,\"valueName\":\"search_term_string\"}}],\"inLanguage\":\"es\"},{\"@type\":\"Organization\",\"@id\":\"https:\/\/www.respel.cl\/ResiduosPeligrosos\/#organization\",\"name\":\"Plataforma de Gesti\u00f3n Ambiental RESPEL\",\"alternateName\":\"Plataforma de Gesti\u00f3n Ambiental Respel Spa\",\"url\":\"https:\/\/www.respel.cl\/ResiduosPeligrosos\/\",\"logo\":{\"@type\":\"ImageObject\",\"inLanguage\":\"es\",\"@id\":\"https:\/\/www.respel.cl\/ResiduosPeligrosos\/#\/schema\/logo\/image\/\",\"url\":\"https:\/\/www.respel.cl\/ResiduosPeligrosos\/wp-content\/uploads\/2025\/03\/logo.svg\",\"contentUrl\":\"https:\/\/www.respel.cl\/ResiduosPeligrosos\/wp-content\/uploads\/2025\/03\/logo.svg\",\"width\":678,\"height\":166,\"caption\":\"Plataforma de Gesti\u00f3n Ambiental RESPEL\"},\"image\":{\"@id\":\"https:\/\/www.respel.cl\/ResiduosPeligrosos\/#\/schema\/logo\/image\/\"}}]}<\/script>\n<!-- \/ Yoast SEO plugin. -->","yoast_head_json":{"title":"Sustentabilidad Respel - Plataforma Ambiental Respel","robots":{"index":"index","follow":"follow","max-snippet":"max-snippet:-1","max-image-preview":"max-image-preview:large","max-video-preview":"max-video-preview:-1"},"canonical":"https:\/\/www.respel.cl\/ResiduosPeligrosos\/sustentabilidad-proyecto-respel\/","og_locale":"es_ES","og_type":"article","og_title":"Sustentabilidad Respel - Plataforma Ambiental Respel","og_description":"LA SUSTENTABILIDAD La sustentabilidad se ha convertido en un enfoque fundamental para las\u00a0sociedades del siglo XXI, buscando un delicado equilibrio entre el desarrollo\u00a0econ\u00f3mico, social y ambiental. A continuaci\u00f3n, exploramos c\u00f3mo se materializa\u00a0este concepto en Chile y a nivel global desde la perspectiva de Respel.\u00a0\u00a0Sustentabilidad en Chile\u00a01. Pol\u00edticas y Normativas: Agenda 2030:\u00a0Chile ha tomado un compromiso [&hellip;]","og_url":"https:\/\/www.respel.cl\/ResiduosPeligrosos\/sustentabilidad-proyecto-respel\/","og_site_name":"Plataforma Ambiental Respel","article_modified_time":"2024-10-18T21:18:14+00:00","og_image":[{"width":564,"height":749,"url":"https:\/\/www.respel.cl\/ResiduosPeligrosos\/wp-content\/uploads\/2024\/09\/270485f6b92c88a9b50137fdd2078320.jpg","type":"image\/jpeg"}],"twitter_card":"summary_large_image","twitter_misc":{"Tiempo de lectura":"3 minutos"},"schema":{"@context":"https:\/\/schema.org","@graph":[{"@type":"WebPage","@id":"https:\/\/www.respel.cl\/ResiduosPeligrosos\/sustentabilidad-proyecto-respel\/","url":"https:\/\/www.respel.cl\/ResiduosPeligrosos\/sustentabilidad-proyecto-respel\/","name":"Sustentabilidad Respel - Plataforma Ambiental Respel","isPartOf":{"@id":"https:\/\/www.respel.cl\/ResiduosPeligrosos\/#website"},"primaryImageOfPage":{"@id":"https:\/\/www.respel.cl\/ResiduosPeligrosos\/sustentabilidad-proyecto-respel\/#primaryimage"},"image":{"@id":"https:\/\/www.respel.cl\/ResiduosPeligrosos\/sustentabilidad-proyecto-respel\/#primaryimage"},"thumbnailUrl":"https:\/\/www.respel.cl\/ResiduosPeligrosos\/wp-content\/uploads\/2024\/09\/270485f6b92c88a9b50137fdd2078320.jpg","datePublished":"2024-09-30T19:56:23+00:00","dateModified":"2024-10-18T21:18:14+00:00","breadcrumb":{"@id":"https:\/\/www.respel.cl\/ResiduosPeligrosos\/sustentabilidad-proyecto-respel\/#breadcrumb"},"inLanguage":"es","potentialAction":[{"@type":"ReadAction","target":["https:\/\/www.respel.cl\/ResiduosPeligrosos\/sustentabilidad-proyecto-respel\/"]}]},{"@type":"ImageObject","inLanguage":"es","@id":"https:\/\/www.respel.cl\/ResiduosPeligrosos\/sustentabilidad-proyecto-respel\/#primaryimage","url":"https:\/\/www.respel.cl\/ResiduosPeligrosos\/wp-content\/uploads\/2024\/09\/270485f6b92c88a9b50137fdd2078320.jpg","contentUrl":"https:\/\/www.respel.cl\/ResiduosPeligrosos\/wp-content\/uploads\/2024\/09\/270485f6b92c88a9b50137fdd2078320.jpg","width":564,"height":749},{"@type":"BreadcrumbList","@id":"https:\/\/www.respel.cl\/ResiduosPeligrosos\/sustentabilidad-proyecto-respel\/#breadcrumb","itemListElement":[{"@type":"ListItem","position":1,"name":"Portada","item":"https:\/\/www.respel.cl\/ResiduosPeligrosos\/"},{"@type":"ListItem","position":2,"name":"Sustentabilidad Respel"}]},{"@type":"WebSite","@id":"https:\/\/www.respel.cl\/ResiduosPeligrosos\/#website","url":"https:\/\/www.respel.cl\/ResiduosPeligrosos\/","name":"Gesti\u00f3n Global de Residuos Respel","description":"RESPEL.cl es una plataforma ambiental especializada en la gesti\u00f3n inteligente de residuos industriales peligrosos y no peligrosos, que impulsa la econom\u00eda circular mediante soluciones innovadoras, trazables y alineadas con la normativa vigente","publisher":{"@id":"https:\/\/www.respel.cl\/ResiduosPeligrosos\/#organization"},"alternateName":"Respel en Chile","potentialAction":[{"@type":"SearchAction","target":{"@type":"EntryPoint","urlTemplate":"https:\/\/www.respel.cl\/ResiduosPeligrosos\/?s={search_term_string}"},"query-input":{"@type":"PropertyValueSpecification","valueRequired":true,"valueName":"search_term_string"}}],"inLanguage":"es"},{"@type":"Organization","@id":"https:\/\/www.respel.cl\/ResiduosPeligrosos\/#organization","name":"Plataforma de Gesti\u00f3n Ambiental RESPEL","alternateName":"Plataforma de Gesti\u00f3n Ambiental Respel Spa","url":"https:\/\/www.respel.cl\/ResiduosPeligrosos\/","logo":{"@type":"ImageObject","inLanguage":"es","@id":"https:\/\/www.respel.cl\/ResiduosPeligrosos\/#\/schema\/logo\/image\/","url":"https:\/\/www.respel.cl\/ResiduosPeligrosos\/wp-content\/uploads\/2025\/03\/logo.svg","contentUrl":"https:\/\/www.respel.cl\/ResiduosPeligrosos\/wp-content\/uploads\/2025\/03\/logo.svg","width":678,"height":166,"caption":"Plataforma de Gesti\u00f3n Ambiental RESPEL"},"image":{"@id":"https:\/\/www.respel.cl\/ResiduosPeligrosos\/#\/schema\/logo\/image\/"}}]}},"_links":{"self":[{"href":"https:\/\/www.respel.cl\/ResiduosPeligrosos\/wp-json\/wp\/v2\/pages\/1953","targetHints":{"allow":["GET"]}}],"collection":[{"href":"https:\/\/www.respel.cl\/ResiduosPeligrosos\/wp-json\/wp\/v2\/pages"}],"about":[{"href":"https:\/\/www.respel.cl\/ResiduosPeligrosos\/wp-json\/wp\/v2\/types\/page"}],"author":[{"embeddable":true,"href":"https:\/\/www.respel.cl\/ResiduosPeligrosos\/wp-json\/wp\/v2\/users\/2"}],"replies":[{"embeddable":true,"href":"https:\/\/www.respel.cl\/ResiduosPeligrosos\/wp-json\/wp\/v2\/comments?post=1953"}],"version-history":[{"count":11,"href":"https:\/\/www.respel.cl\/ResiduosPeligrosos\/wp-json\/wp\/v2\/pages\/1953\/revisions"}],"predecessor-version":[{"id":2491,"href":"https:\/\/www.respel.cl\/ResiduosPeligrosos\/wp-json\/wp\/v2\/pages\/1953\/revisions\/2491"}],"wp:featuredmedia":[{"embeddable":true,"href":"https:\/\/www.respel.cl\/ResiduosPeligrosos\/wp-json\/wp\/v2\/media\/1862"}],"wp:attachment":[{"href":"https:\/\/www.respel.cl\/ResiduosPeligrosos\/wp-json\/wp\/v2\/media?parent=1953"}],"curies":[{"name":"wp","href":"https:\/\/api.w.org\/{rel}","templated":true}]}}