{"id":1960,"date":"2024-09-30T20:04:39","date_gmt":"2024-09-30T20:04:39","guid":{"rendered":"https:\/\/www.respel.cl\/ResiduosPeligrosos\/?page_id=1960"},"modified":"2025-08-28T10:02:21","modified_gmt":"2025-08-28T10:02:21","slug":"economia-circular-para-residuos2","status":"publish","type":"page","link":"https:\/\/www.respel.cl\/ResiduosPeligrosos\/economia-circular-para-residuos2\/","title":{"rendered":"Econom\u00eda Circular"},"content":{"rendered":"\t\t<div data-elementor-type=\"wp-page\" data-elementor-id=\"1960\" class=\"elementor elementor-1960\">\n\t\t\t\t<div class=\"elementor-element elementor-element-3340fa1 e-flex e-con-boxed e-con e-parent\" data-id=\"3340fa1\" data-element_type=\"container\" data-e-type=\"container\">\n\t\t\t\t\t<div class=\"e-con-inner\">\n\t\t<div class=\"elementor-element elementor-element-f88aa2c e-con-full e-flex e-con e-child\" data-id=\"f88aa2c\" data-element_type=\"container\" data-e-type=\"container\">\n\t\t\t\t<div class=\"elementor-element elementor-element-303b3208 elementor-widget elementor-widget-heading\" data-id=\"303b3208\" data-element_type=\"widget\" data-e-type=\"widget\" data-widget_type=\"heading.default\">\n\t\t\t\t<div class=\"elementor-widget-container\">\n\t\t\t\t\t<h1 class=\"elementor-heading-title elementor-size-default\">ECONOM\u00cdA CIRCULAR EN CHILE <\/h1>\t\t\t\t<\/div>\n\t\t\t\t<\/div>\n\t\t\t\t<div class=\"elementor-element elementor-element-30234dc9 elementor-widget__width-initial elementor-widget elementor-widget-text-editor\" data-id=\"30234dc9\" data-element_type=\"widget\" data-e-type=\"widget\" data-widget_type=\"text-editor.default\">\n\t\t\t\t<div class=\"elementor-widget-container\">\n\t\t\t\t\t\t\t\t\t<p>La econom\u00eda circular se ha convertido en un enfoque clave tanto en Chile como a\u00a0nivel global para abordar problemas ambientales, econ\u00f3micos y sociales. a continuaci\u00f3n presentamos un resumen de su situaci\u00f3n en ambos contextos.<\/p><p>\u00a0<\/p><p><strong>Econom\u00eda Circular en Chile<\/strong><br \/>1. Legislaci\u00f3n y Pol\u00edticas:\u00a0Ley de Responsabilidad Extendida del Productor (REP): Obliga a\u00a0los productores a hacerse cargo de la gesti\u00f3n de residuos de sus\u00a0productos. Esta ley ha sido fundamental para promover el reciclaje y\u00a0la reutilizaci\u00f3n.<\/p><p>\u00a0<\/p><p><strong>Estrategia Nacional de Econom\u00eda Circular<\/strong>: Implementada en<br \/>2020, establece objetivos claros para fomentar la circularidad en<br \/>diferentes sectores y mejorar la gesti\u00f3n de recursos.<\/p><p><a href=\"https:\/\/www.respel.cl\/ResiduosPeligrosos\/wp-content\/uploads\/2024\/08\/HOJA-DE-RUTA-PARA-UN-CHILE-CIRCULAR-AL-2040-ES-VERSION-COMPLETA.pdf\">Hoja de Ruta para un Chile Circular<\/a><\/p><p>\u00a0<\/p><p>Tanto en Chile como en el resto del mundo, la econom\u00eda circular ofrece una oportunidad valiosa para enfrentar desaf\u00edos ambientales y crear un futuro m\u00e1s\u00a0sostenible. Aunque existen obst\u00e1culos, el compromiso pol\u00edtico, la innovaci\u00f3n\u00a0empresarial y la educaci\u00f3n son claves para avanzar en esta transici\u00f3n. La\u00a0colaboraci\u00f3n entre gobiernos, empresas y ciudadanos ser\u00e1 esencial para lograr un cambio significativo.<\/p>\t\t\t\t\t\t\t\t<\/div>\n\t\t\t\t<\/div>\n\t\t\t\t<\/div>\n\t\t<div class=\"elementor-element elementor-element-4ad79bde e-con-full e-flex e-con e-child\" data-id=\"4ad79bde\" data-element_type=\"container\" data-e-type=\"container\">\n\t\t\t\t<div class=\"elementor-element elementor-element-1c2cdc5 elementor-widget elementor-widget-image\" data-id=\"1c2cdc5\" data-element_type=\"widget\" data-e-type=\"widget\" data-settings=\"{&quot;_animation&quot;:&quot;none&quot;}\" data-widget_type=\"image.default\">\n\t\t\t\t<div class=\"elementor-widget-container\">\n\t\t\t\t\t\t\t\t\t\t\t\t\t\t\t<img fetchpriority=\"high\" decoding=\"async\" width=\"564\" height=\"979\" src=\"https:\/\/www.respel.cl\/ResiduosPeligrosos\/wp-content\/uploads\/2024\/09\/3d76b1922ee68ba3e0d8bb35cf1f64a0.jpg\" class=\"attachment-large size-large wp-image-1890\" alt=\"\" srcset=\"https:\/\/www.respel.cl\/ResiduosPeligrosos\/wp-content\/uploads\/2024\/09\/3d76b1922ee68ba3e0d8bb35cf1f64a0.jpg 564w, https:\/\/www.respel.cl\/ResiduosPeligrosos\/wp-content\/uploads\/2024\/09\/3d76b1922ee68ba3e0d8bb35cf1f64a0-173x300.jpg 173w\" sizes=\"(max-width: 564px) 100vw, 564px\" \/>\t\t\t\t\t\t\t\t\t\t\t\t\t\t\t<\/div>\n\t\t\t\t<\/div>\n\t\t\t\t<\/div>\n\t\t\t\t\t<\/div>\n\t\t\t\t<\/div>\n\t\t<div class=\"elementor-element elementor-element-cfdf9a4 e-flex e-con-boxed e-con e-parent\" data-id=\"cfdf9a4\" data-element_type=\"container\" data-e-type=\"container\">\n\t\t\t\t\t<div class=\"e-con-inner\">\n\t\t\t\t<div class=\"elementor-element elementor-element-ded219b elementor-widget-divider--view-line elementor-widget elementor-widget-divider\" data-id=\"ded219b\" data-element_type=\"widget\" data-e-type=\"widget\" data-widget_type=\"divider.default\">\n\t\t\t\t<div class=\"elementor-widget-container\">\n\t\t\t\t\t\t\t<div class=\"elementor-divider\">\n\t\t\t<span class=\"elementor-divider-separator\">\n\t\t\t\t\t\t<\/span>\n\t\t<\/div>\n\t\t\t\t\t\t<\/div>\n\t\t\t\t<\/div>\n\t\t\t\t\t<\/div>\n\t\t\t\t<\/div>\n\t\t<div class=\"elementor-element elementor-element-b05f3be e-flex e-con-boxed e-con e-parent\" data-id=\"b05f3be\" data-element_type=\"container\" data-e-type=\"container\">\n\t\t\t\t\t<div class=\"e-con-inner\">\n\t\t\t\t<div class=\"elementor-element elementor-element-0e88f31 elementor-widget elementor-widget-image\" data-id=\"0e88f31\" data-element_type=\"widget\" data-e-type=\"widget\" data-widget_type=\"image.default\">\n\t\t\t\t<div class=\"elementor-widget-container\">\n\t\t\t\t\t\t\t\t\t\t\t\t\t\t\t<img decoding=\"async\" width=\"850\" height=\"214\" src=\"https:\/\/www.respel.cl\/ResiduosPeligrosos\/wp-content\/uploads\/2024\/10\/FIGURA-51-Economia-lineal-versus-economia-circular-removebg-preview.png\" class=\"attachment-large size-large wp-image-2471\" alt=\"\" srcset=\"https:\/\/www.respel.cl\/ResiduosPeligrosos\/wp-content\/uploads\/2024\/10\/FIGURA-51-Economia-lineal-versus-economia-circular-removebg-preview.png 850w, https:\/\/www.respel.cl\/ResiduosPeligrosos\/wp-content\/uploads\/2024\/10\/FIGURA-51-Economia-lineal-versus-economia-circular-removebg-preview-300x76.png 300w, https:\/\/www.respel.cl\/ResiduosPeligrosos\/wp-content\/uploads\/2024\/10\/FIGURA-51-Economia-lineal-versus-economia-circular-removebg-preview-768x193.png 768w\" sizes=\"(max-width: 850px) 100vw, 850px\" \/>\t\t\t\t\t\t\t\t\t\t\t\t\t\t\t<\/div>\n\t\t\t\t<\/div>\n\t\t\t\t\t<\/div>\n\t\t\t\t<\/div>\n\t\t<div class=\"elementor-element elementor-element-68ef0a3c e-flex e-con-boxed e-con e-parent\" data-id=\"68ef0a3c\" data-element_type=\"container\" data-e-type=\"container\">\n\t\t\t\t\t<div class=\"e-con-inner\">\n\t\t\t\t<div class=\"elementor-element elementor-element-7decd01b elementor-widget elementor-widget-heading\" data-id=\"7decd01b\" data-element_type=\"widget\" data-e-type=\"widget\" data-widget_type=\"heading.default\">\n\t\t\t\t<div class=\"elementor-widget-container\">\n\t\t\t\t\t<h2 class=\"elementor-heading-title elementor-size-default\">EL RECICLAJE NO SOLAMENTE ES VERDE\u2026<\/h2>\t\t\t\t<\/div>\n\t\t\t\t<\/div>\n\t\t\t\t<div class=\"elementor-element elementor-element-6aee1394 elementor-widget elementor-widget-text-editor\" data-id=\"6aee1394\" data-element_type=\"widget\" data-e-type=\"widget\" data-widget_type=\"text-editor.default\">\n\t\t\t\t<div class=\"elementor-widget-container\">\n\t\t\t\t\t\t\t\t\t<p>Requiere de la necesaria modificaci\u00f3n del marco legislativo&nbsp;en materia de residuos.<br>A trav\u00e9s de una intensa relaci\u00f3n de cooperaci\u00f3n entre el Estado de Chile y la Industria Privada se logr\u00f3 una implementaci\u00f3n de la reglamentaci\u00f3n que busca minimizar y eliminar los residuos peligrosos. La cooperaci\u00f3n t\u00e9cnica alemana apoy\u00f3 este dialogo p\u00fablico-privado que hoy d\u00eda constituye una exitosa forma de trabajo.&nbsp;CONAMA \u2013 GTZ, 2004-2008.-&nbsp;<\/p>\t\t\t\t\t\t\t\t<\/div>\n\t\t\t\t<\/div>\n\t\t\t\t\t<\/div>\n\t\t\t\t<\/div>\n\t\t<div class=\"elementor-element elementor-element-e55fab1 e-flex e-con-boxed e-con e-parent\" data-id=\"e55fab1\" data-element_type=\"container\" data-e-type=\"container\">\n\t\t\t\t\t<div class=\"e-con-inner\">\n\t\t\t\t<div class=\"elementor-element elementor-element-3d3fff4 elementor-widget-divider--view-line elementor-widget elementor-widget-divider\" data-id=\"3d3fff4\" data-element_type=\"widget\" data-e-type=\"widget\" data-widget_type=\"divider.default\">\n\t\t\t\t<div class=\"elementor-widget-container\">\n\t\t\t\t\t\t\t<div class=\"elementor-divider\">\n\t\t\t<span class=\"elementor-divider-separator\">\n\t\t\t\t\t\t<\/span>\n\t\t<\/div>\n\t\t\t\t\t\t<\/div>\n\t\t\t\t<\/div>\n\t\t\t\t\t<\/div>\n\t\t\t\t<\/div>\n\t\t<div class=\"elementor-element elementor-element-19c86bcd e-flex e-con-boxed e-con e-parent\" data-id=\"19c86bcd\" data-element_type=\"container\" data-e-type=\"container\">\n\t\t\t\t\t<div class=\"e-con-inner\">\n\t\t\t\t<div class=\"elementor-element elementor-element-4de9c528 elementor-widget elementor-widget-heading\" data-id=\"4de9c528\" data-element_type=\"widget\" data-e-type=\"widget\" data-widget_type=\"heading.default\">\n\t\t\t\t<div class=\"elementor-widget-container\">\n\t\t\t\t\t<h3 class=\"elementor-heading-title elementor-size-default\">SERVICIO GESTION DE RESIDUOS Y RECICLAJE\nPARA EMPRESAS <br>PEQUE\u00d1OS Y MEDIANOS GENERADORES<\/h3>\t\t\t\t<\/div>\n\t\t\t\t<\/div>\n\t\t\t\t<div class=\"elementor-element elementor-element-6b59bfe4 elementor-widget elementor-widget-text-editor\" data-id=\"6b59bfe4\" data-element_type=\"widget\" data-e-type=\"widget\" data-widget_type=\"text-editor.default\">\n\t\t\t\t<div class=\"elementor-widget-container\">\n\t\t\t\t\t\t\t\t\t<p>El servicio de gesti\u00f3n de residuos y reciclaje busca apoyar a organizaciones de todo tipo ya\u00a0sea oficinas, empresas, establecimientos educacionales, universidades, bares,\u00a0restaurantes, hospitales, edificios de oficinas y la industria en general en la materializaci\u00f3n\u00a0de planes de manejo de residuos. Este acompa\u00f1amiento considera:<\/p><p>\u00a0<\/p><p>\u2022 Dise\u00f1o e implementaci\u00f3n de estaciones de reciclaje y\/o zonas de acopio\u00a0diferenciado de residuos.<br \/>\u2022 Dise\u00f1o, confecci\u00f3n y montaje de se\u00f1al\u00e9ticas, gr\u00e1ficas y material informativo.<br \/>\u2022 Capacitaciones y actividades de sensibilizaci\u00f3n ambiental a los colaboradores\u00a0desde charlas, talleres, intervenciones l\u00fadicas, obras de teatro y activaciones de\u00a0marca.<br \/>\u2022 Retiro programado de residuos reciclables, basura general, org\u00e1nico compostable.<br \/>\u2022 Gesti\u00f3n de residuos peligrosos, el\u00e9ctricos, electr\u00f3nicos, pilas, bater\u00edas\u00a0y volum\u00e9tricos y RESPEL en general, su traslado y disposici\u00f3n final\u00a0autorizados, incluye emisi\u00f3n de certificados.<br \/>\u2022 Reportabilidad y trazabilidad de la gesti\u00f3n de residuos acuerdo al cumplimiento de\u00a0normativa sanitaria y ambiental vigente.<\/p>\t\t\t\t\t\t\t\t<\/div>\n\t\t\t\t<\/div>\n\t\t\t\t\t<\/div>\n\t\t\t\t<\/div>\n\t\t<div class=\"elementor-element elementor-element-a0f5538 e-flex e-con-boxed e-con e-parent\" data-id=\"a0f5538\" data-element_type=\"container\" data-e-type=\"container\">\n\t\t\t\t\t<div class=\"e-con-inner\">\n\t\t\t\t<div class=\"elementor-element elementor-element-12b4a50 elementor-widget-divider--view-line elementor-widget elementor-widget-divider\" data-id=\"12b4a50\" data-element_type=\"widget\" data-e-type=\"widget\" data-widget_type=\"divider.default\">\n\t\t\t\t<div class=\"elementor-widget-container\">\n\t\t\t\t\t\t\t<div class=\"elementor-divider\">\n\t\t\t<span class=\"elementor-divider-separator\">\n\t\t\t\t\t\t<\/span>\n\t\t<\/div>\n\t\t\t\t\t\t<\/div>\n\t\t\t\t<\/div>\n\t\t\t\t\t<\/div>\n\t\t\t\t<\/div>\n\t\t<div class=\"elementor-element elementor-element-d93ab20 e-flex e-con-boxed e-con e-parent\" data-id=\"d93ab20\" data-element_type=\"container\" data-e-type=\"container\">\n\t\t\t\t\t<div class=\"e-con-inner\">\n\t\t\t\t<div class=\"elementor-element elementor-element-70d6d08 elementor-widget-divider--view-line elementor-widget elementor-widget-divider\" data-id=\"70d6d08\" data-element_type=\"widget\" data-e-type=\"widget\" data-widget_type=\"divider.default\">\n\t\t\t\t<div class=\"elementor-widget-container\">\n\t\t\t\t\t\t\t<div class=\"elementor-divider\">\n\t\t\t<span class=\"elementor-divider-separator\">\n\t\t\t\t\t\t<\/span>\n\t\t<\/div>\n\t\t\t\t\t\t<\/div>\n\t\t\t\t<\/div>\n\t\t\t\t\t<\/div>\n\t\t\t\t<\/div>\n\t\t<div class=\"elementor-element elementor-element-3f30b577 e-flex e-con-boxed e-con e-parent\" data-id=\"3f30b577\" data-element_type=\"container\" data-e-type=\"container\">\n\t\t\t\t\t<div class=\"e-con-inner\">\n\t\t<div class=\"elementor-element elementor-element-64e2e8b e-con-full e-flex e-con e-child\" data-id=\"64e2e8b\" data-element_type=\"container\" data-e-type=\"container\">\n\t\t\t\t<div class=\"elementor-element elementor-element-3601048d elementor-widget elementor-widget-heading\" data-id=\"3601048d\" data-element_type=\"widget\" data-e-type=\"widget\" data-widget_type=\"heading.default\">\n\t\t\t\t<div class=\"elementor-widget-container\">\n\t\t\t\t\t<h3 class=\"elementor-heading-title elementor-size-default\"><a href=\"https:\/\/www.respel.cl\/ResiduosPeligrosos\/contacto\/\"><br><br><br><br>TE PODEMOS AYUDAR: <br><br>\nESCRIBENOS A: <br><br><br><br>CONTACTO@RESPEL.C L<\/a><\/h3>\t\t\t\t<\/div>\n\t\t\t\t<\/div>\n\t\t\t\t<\/div>\n\t\t<div class=\"elementor-element elementor-element-3333c1d7 e-con-full e-flex e-con e-child\" data-id=\"3333c1d7\" data-element_type=\"container\" data-e-type=\"container\">\n\t\t\t\t<div class=\"elementor-element elementor-element-4542f79b elementor-widget elementor-widget-image\" data-id=\"4542f79b\" data-element_type=\"widget\" data-e-type=\"widget\" data-widget_type=\"image.default\">\n\t\t\t\t<div class=\"elementor-widget-container\">\n\t\t\t\t\t\t\t\t\t\t\t\t\t\t\t\t<a href=\"https:\/\/www.respel.cl\/ResiduosPeligrosos\/contacto\/\">\n\t\t\t\t\t\t\t<img decoding=\"async\" width=\"295\" height=\"271\" src=\"https:\/\/www.respel.cl\/ResiduosPeligrosos\/wp-content\/uploads\/2024\/08\/respel8-300x300-1.png\" class=\"attachment-large size-large wp-image-1581\" alt=\"\" \/>\t\t\t\t\t\t\t\t<\/a>\n\t\t\t\t\t\t\t\t\t\t\t\t\t\t\t<\/div>\n\t\t\t\t<\/div>\n\t\t\t\t<\/div>\n\t\t\t\t\t<\/div>\n\t\t\t\t<\/div>\n\t\t\t\t<\/div>\n\t\t","protected":false},"excerpt":{"rendered":"ECONOM\u00cdA CIRCULAR EN CHILE La econom\u00eda circular se ha convertido en un enfoque clave tanto en Chile como a\u00a0nivel global para abordar problemas ambientales, econ\u00f3micos y sociales. a continuaci\u00f3n presentamos un resumen de su situaci\u00f3n en ambos contextos.\u00a0Econom\u00eda Circular en Chile1. Legislaci\u00f3n y Pol\u00edticas:\u00a0Ley de Responsabilidad Extendida del Productor (REP): Obliga a\u00a0los productores a hacerse [&hellip;]","protected":false},"author":2,"featured_media":4449,"parent":0,"menu_order":0,"comment_status":"closed","ping_status":"closed","template":"","meta":{"footnotes":""},"class_list":["post-1960","page","type-page","status-publish","has-post-thumbnail","hentry"],"yoast_head":"<!-- This site is optimized with the Yoast SEO plugin v27.2 - https:\/\/yoast.com\/product\/yoast-seo-wordpress\/ -->\n<title>\u267b\ufe0f Econom\u00eda Circular en la Gesti\u00f3n de Residuos Industriales<\/title>\n<meta name=\"description\" content=\"impulsamos la transici\u00f3n hacia un modelo de econom\u00eda circular mediante la valorizaci\u00f3n, reutilizaci\u00f3n y tratamiento eficiente de residuos industriales. Aplicamos estrategias que reducen el impacto ambiental, optimizan recursos y cumplen con la normativa vigente, fortaleciendo la sostenibilidad operativa de tu empresa.\" \/>\n<meta name=\"robots\" content=\"index, follow, max-snippet:-1, max-image-preview:large, max-video-preview:-1\" \/>\n<link rel=\"canonical\" href=\"https:\/\/www.respel.cl\/ResiduosPeligrosos\/economia-circular-para-residuos2\/\" \/>\n<meta property=\"og:locale\" content=\"es_ES\" \/>\n<meta property=\"og:type\" content=\"article\" \/>\n<meta property=\"og:title\" content=\"\u267b\ufe0f Econom\u00eda Circular en la Gesti\u00f3n de Residuos Industriales\" \/>\n<meta property=\"og:description\" content=\"impulsamos la transici\u00f3n hacia un modelo de econom\u00eda circular mediante la valorizaci\u00f3n, reutilizaci\u00f3n y tratamiento eficiente de residuos industriales. Aplicamos estrategias que reducen el impacto ambiental, optimizan recursos y cumplen con la normativa vigente, fortaleciendo la sostenibilidad operativa de tu empresa.\" \/>\n<meta property=\"og:url\" content=\"https:\/\/www.respel.cl\/ResiduosPeligrosos\/economia-circular-para-residuos2\/\" \/>\n<meta property=\"og:site_name\" content=\"Plataforma Ambiental Respel\" \/>\n<meta property=\"article:modified_time\" content=\"2025-08-28T10:02:21+00:00\" \/>\n<meta property=\"og:image\" content=\"https:\/\/www.respel.cl\/ResiduosPeligrosos\/wp-content\/uploads\/2025\/08\/reacdtivos2.jpg\" \/>\n\t<meta property=\"og:image:width\" content=\"514\" \/>\n\t<meta property=\"og:image:height\" content=\"601\" \/>\n\t<meta property=\"og:image:type\" content=\"image\/jpeg\" \/>\n<meta name=\"twitter:card\" content=\"summary_large_image\" \/>\n<meta name=\"twitter:label1\" content=\"Tiempo de lectura\" \/>\n\t<meta name=\"twitter:data1\" content=\"3 minutos\" \/>\n<script type=\"application\/ld+json\" class=\"yoast-schema-graph\">{\"@context\":\"https:\/\/schema.org\",\"@graph\":[{\"@type\":\"WebPage\",\"@id\":\"https:\/\/www.respel.cl\/ResiduosPeligrosos\/economia-circular-para-residuos2\/\",\"url\":\"https:\/\/www.respel.cl\/ResiduosPeligrosos\/economia-circular-para-residuos2\/\",\"name\":\"\u267b\ufe0f Econom\u00eda Circular en la Gesti\u00f3n de Residuos Industriales\",\"isPartOf\":{\"@id\":\"https:\/\/www.respel.cl\/ResiduosPeligrosos\/#website\"},\"primaryImageOfPage\":{\"@id\":\"https:\/\/www.respel.cl\/ResiduosPeligrosos\/economia-circular-para-residuos2\/#primaryimage\"},\"image\":{\"@id\":\"https:\/\/www.respel.cl\/ResiduosPeligrosos\/economia-circular-para-residuos2\/#primaryimage\"},\"thumbnailUrl\":\"https:\/\/www.respel.cl\/ResiduosPeligrosos\/wp-content\/uploads\/2025\/08\/reacdtivos2.jpg\",\"datePublished\":\"2024-09-30T20:04:39+00:00\",\"dateModified\":\"2025-08-28T10:02:21+00:00\",\"description\":\"impulsamos la transici\u00f3n hacia un modelo de econom\u00eda circular mediante la valorizaci\u00f3n, reutilizaci\u00f3n y tratamiento eficiente de residuos industriales. Aplicamos estrategias que reducen el impacto ambiental, optimizan recursos y cumplen con la normativa vigente, fortaleciendo la sostenibilidad operativa de tu empresa.\",\"breadcrumb\":{\"@id\":\"https:\/\/www.respel.cl\/ResiduosPeligrosos\/economia-circular-para-residuos2\/#breadcrumb\"},\"inLanguage\":\"es\",\"potentialAction\":[{\"@type\":\"ReadAction\",\"target\":[\"https:\/\/www.respel.cl\/ResiduosPeligrosos\/economia-circular-para-residuos2\/\"]}]},{\"@type\":\"ImageObject\",\"inLanguage\":\"es\",\"@id\":\"https:\/\/www.respel.cl\/ResiduosPeligrosos\/economia-circular-para-residuos2\/#primaryimage\",\"url\":\"https:\/\/www.respel.cl\/ResiduosPeligrosos\/wp-content\/uploads\/2025\/08\/reacdtivos2.jpg\",\"contentUrl\":\"https:\/\/www.respel.cl\/ResiduosPeligrosos\/wp-content\/uploads\/2025\/08\/reacdtivos2.jpg\",\"width\":514,\"height\":601},{\"@type\":\"BreadcrumbList\",\"@id\":\"https:\/\/www.respel.cl\/ResiduosPeligrosos\/economia-circular-para-residuos2\/#breadcrumb\",\"itemListElement\":[{\"@type\":\"ListItem\",\"position\":1,\"name\":\"Portada\",\"item\":\"https:\/\/www.respel.cl\/ResiduosPeligrosos\/\"},{\"@type\":\"ListItem\",\"position\":2,\"name\":\"Econom\u00eda Circular\"}]},{\"@type\":\"WebSite\",\"@id\":\"https:\/\/www.respel.cl\/ResiduosPeligrosos\/#website\",\"url\":\"https:\/\/www.respel.cl\/ResiduosPeligrosos\/\",\"name\":\"Gesti\u00f3n Global de Residuos Respel\",\"description\":\"RESPEL.cl es una plataforma ambiental especializada en la gesti\u00f3n inteligente de residuos industriales peligrosos y no peligrosos, que impulsa la econom\u00eda circular mediante soluciones innovadoras, trazables y alineadas con la normativa vigente\",\"publisher\":{\"@id\":\"https:\/\/www.respel.cl\/ResiduosPeligrosos\/#organization\"},\"alternateName\":\"Respel en Chile\",\"potentialAction\":[{\"@type\":\"SearchAction\",\"target\":{\"@type\":\"EntryPoint\",\"urlTemplate\":\"https:\/\/www.respel.cl\/ResiduosPeligrosos\/?s={search_term_string}\"},\"query-input\":{\"@type\":\"PropertyValueSpecification\",\"valueRequired\":true,\"valueName\":\"search_term_string\"}}],\"inLanguage\":\"es\"},{\"@type\":\"Organization\",\"@id\":\"https:\/\/www.respel.cl\/ResiduosPeligrosos\/#organization\",\"name\":\"Plataforma de Gesti\u00f3n Ambiental RESPEL\",\"alternateName\":\"Plataforma de Gesti\u00f3n Ambiental Respel Spa\",\"url\":\"https:\/\/www.respel.cl\/ResiduosPeligrosos\/\",\"logo\":{\"@type\":\"ImageObject\",\"inLanguage\":\"es\",\"@id\":\"https:\/\/www.respel.cl\/ResiduosPeligrosos\/#\/schema\/logo\/image\/\",\"url\":\"https:\/\/www.respel.cl\/ResiduosPeligrosos\/wp-content\/uploads\/2025\/03\/logo.svg\",\"contentUrl\":\"https:\/\/www.respel.cl\/ResiduosPeligrosos\/wp-content\/uploads\/2025\/03\/logo.svg\",\"width\":678,\"height\":166,\"caption\":\"Plataforma de Gesti\u00f3n Ambiental RESPEL\"},\"image\":{\"@id\":\"https:\/\/www.respel.cl\/ResiduosPeligrosos\/#\/schema\/logo\/image\/\"}}]}<\/script>\n<!-- \/ Yoast SEO plugin. -->","yoast_head_json":{"title":"\u267b\ufe0f Econom\u00eda Circular en la Gesti\u00f3n de Residuos Industriales","description":"impulsamos la transici\u00f3n hacia un modelo de econom\u00eda circular mediante la valorizaci\u00f3n, reutilizaci\u00f3n y tratamiento eficiente de residuos industriales. Aplicamos estrategias que reducen el impacto ambiental, optimizan recursos y cumplen con la normativa vigente, fortaleciendo la sostenibilidad operativa de tu empresa.","robots":{"index":"index","follow":"follow","max-snippet":"max-snippet:-1","max-image-preview":"max-image-preview:large","max-video-preview":"max-video-preview:-1"},"canonical":"https:\/\/www.respel.cl\/ResiduosPeligrosos\/economia-circular-para-residuos2\/","og_locale":"es_ES","og_type":"article","og_title":"\u267b\ufe0f Econom\u00eda Circular en la Gesti\u00f3n de Residuos Industriales","og_description":"impulsamos la transici\u00f3n hacia un modelo de econom\u00eda circular mediante la valorizaci\u00f3n, reutilizaci\u00f3n y tratamiento eficiente de residuos industriales. Aplicamos estrategias que reducen el impacto ambiental, optimizan recursos y cumplen con la normativa vigente, fortaleciendo la sostenibilidad operativa de tu empresa.","og_url":"https:\/\/www.respel.cl\/ResiduosPeligrosos\/economia-circular-para-residuos2\/","og_site_name":"Plataforma Ambiental Respel","article_modified_time":"2025-08-28T10:02:21+00:00","og_image":[{"width":514,"height":601,"url":"https:\/\/www.respel.cl\/ResiduosPeligrosos\/wp-content\/uploads\/2025\/08\/reacdtivos2.jpg","type":"image\/jpeg"}],"twitter_card":"summary_large_image","twitter_misc":{"Tiempo de lectura":"3 minutos"},"schema":{"@context":"https:\/\/schema.org","@graph":[{"@type":"WebPage","@id":"https:\/\/www.respel.cl\/ResiduosPeligrosos\/economia-circular-para-residuos2\/","url":"https:\/\/www.respel.cl\/ResiduosPeligrosos\/economia-circular-para-residuos2\/","name":"\u267b\ufe0f Econom\u00eda Circular en la Gesti\u00f3n de Residuos Industriales","isPartOf":{"@id":"https:\/\/www.respel.cl\/ResiduosPeligrosos\/#website"},"primaryImageOfPage":{"@id":"https:\/\/www.respel.cl\/ResiduosPeligrosos\/economia-circular-para-residuos2\/#primaryimage"},"image":{"@id":"https:\/\/www.respel.cl\/ResiduosPeligrosos\/economia-circular-para-residuos2\/#primaryimage"},"thumbnailUrl":"https:\/\/www.respel.cl\/ResiduosPeligrosos\/wp-content\/uploads\/2025\/08\/reacdtivos2.jpg","datePublished":"2024-09-30T20:04:39+00:00","dateModified":"2025-08-28T10:02:21+00:00","description":"impulsamos la transici\u00f3n hacia un modelo de econom\u00eda circular mediante la valorizaci\u00f3n, reutilizaci\u00f3n y tratamiento eficiente de residuos industriales. Aplicamos estrategias que reducen el impacto ambiental, optimizan recursos y cumplen con la normativa vigente, fortaleciendo la sostenibilidad operativa de tu empresa.","breadcrumb":{"@id":"https:\/\/www.respel.cl\/ResiduosPeligrosos\/economia-circular-para-residuos2\/#breadcrumb"},"inLanguage":"es","potentialAction":[{"@type":"ReadAction","target":["https:\/\/www.respel.cl\/ResiduosPeligrosos\/economia-circular-para-residuos2\/"]}]},{"@type":"ImageObject","inLanguage":"es","@id":"https:\/\/www.respel.cl\/ResiduosPeligrosos\/economia-circular-para-residuos2\/#primaryimage","url":"https:\/\/www.respel.cl\/ResiduosPeligrosos\/wp-content\/uploads\/2025\/08\/reacdtivos2.jpg","contentUrl":"https:\/\/www.respel.cl\/ResiduosPeligrosos\/wp-content\/uploads\/2025\/08\/reacdtivos2.jpg","width":514,"height":601},{"@type":"BreadcrumbList","@id":"https:\/\/www.respel.cl\/ResiduosPeligrosos\/economia-circular-para-residuos2\/#breadcrumb","itemListElement":[{"@type":"ListItem","position":1,"name":"Portada","item":"https:\/\/www.respel.cl\/ResiduosPeligrosos\/"},{"@type":"ListItem","position":2,"name":"Econom\u00eda Circular"}]},{"@type":"WebSite","@id":"https:\/\/www.respel.cl\/ResiduosPeligrosos\/#website","url":"https:\/\/www.respel.cl\/ResiduosPeligrosos\/","name":"Gesti\u00f3n Global de Residuos Respel","description":"RESPEL.cl es una plataforma ambiental especializada en la gesti\u00f3n inteligente de residuos industriales peligrosos y no peligrosos, que impulsa la econom\u00eda circular mediante soluciones innovadoras, trazables y alineadas con la normativa vigente","publisher":{"@id":"https:\/\/www.respel.cl\/ResiduosPeligrosos\/#organization"},"alternateName":"Respel en Chile","potentialAction":[{"@type":"SearchAction","target":{"@type":"EntryPoint","urlTemplate":"https:\/\/www.respel.cl\/ResiduosPeligrosos\/?s={search_term_string}"},"query-input":{"@type":"PropertyValueSpecification","valueRequired":true,"valueName":"search_term_string"}}],"inLanguage":"es"},{"@type":"Organization","@id":"https:\/\/www.respel.cl\/ResiduosPeligrosos\/#organization","name":"Plataforma de Gesti\u00f3n Ambiental RESPEL","alternateName":"Plataforma de Gesti\u00f3n Ambiental Respel Spa","url":"https:\/\/www.respel.cl\/ResiduosPeligrosos\/","logo":{"@type":"ImageObject","inLanguage":"es","@id":"https:\/\/www.respel.cl\/ResiduosPeligrosos\/#\/schema\/logo\/image\/","url":"https:\/\/www.respel.cl\/ResiduosPeligrosos\/wp-content\/uploads\/2025\/03\/logo.svg","contentUrl":"https:\/\/www.respel.cl\/ResiduosPeligrosos\/wp-content\/uploads\/2025\/03\/logo.svg","width":678,"height":166,"caption":"Plataforma de Gesti\u00f3n Ambiental RESPEL"},"image":{"@id":"https:\/\/www.respel.cl\/ResiduosPeligrosos\/#\/schema\/logo\/image\/"}}]}},"_links":{"self":[{"href":"https:\/\/www.respel.cl\/ResiduosPeligrosos\/wp-json\/wp\/v2\/pages\/1960","targetHints":{"allow":["GET"]}}],"collection":[{"href":"https:\/\/www.respel.cl\/ResiduosPeligrosos\/wp-json\/wp\/v2\/pages"}],"about":[{"href":"https:\/\/www.respel.cl\/ResiduosPeligrosos\/wp-json\/wp\/v2\/types\/page"}],"author":[{"embeddable":true,"href":"https:\/\/www.respel.cl\/ResiduosPeligrosos\/wp-json\/wp\/v2\/users\/2"}],"replies":[{"embeddable":true,"href":"https:\/\/www.respel.cl\/ResiduosPeligrosos\/wp-json\/wp\/v2\/comments?post=1960"}],"version-history":[{"count":29,"href":"https:\/\/www.respel.cl\/ResiduosPeligrosos\/wp-json\/wp\/v2\/pages\/1960\/revisions"}],"predecessor-version":[{"id":4155,"href":"https:\/\/www.respel.cl\/ResiduosPeligrosos\/wp-json\/wp\/v2\/pages\/1960\/revisions\/4155"}],"wp:featuredmedia":[{"embeddable":true,"href":"https:\/\/www.respel.cl\/ResiduosPeligrosos\/wp-json\/wp\/v2\/media\/4449"}],"wp:attachment":[{"href":"https:\/\/www.respel.cl\/ResiduosPeligrosos\/wp-json\/wp\/v2\/media?parent=1960"}],"curies":[{"name":"wp","href":"https:\/\/api.w.org\/{rel}","templated":true}]}}