{"id":2352,"date":"2024-10-16T14:44:32","date_gmt":"2024-10-16T14:44:32","guid":{"rendered":"https:\/\/www.respel.cl\/ResiduosPeligrosos\/?page_id=2352"},"modified":"2025-08-27T12:15:13","modified_gmt":"2025-08-27T12:15:13","slug":"ley-rep","status":"publish","type":"page","link":"https:\/\/www.respel.cl\/ResiduosPeligrosos\/ley-rep\/","title":{"rendered":"Ley Rep"},"content":{"rendered":"\t\t<div data-elementor-type=\"wp-page\" data-elementor-id=\"2352\" class=\"elementor elementor-2352\">\n\t\t\t\t<div class=\"elementor-element elementor-element-7fa577a9 e-flex e-con-boxed e-con e-parent\" data-id=\"7fa577a9\" data-element_type=\"container\" data-e-type=\"container\">\n\t\t\t\t\t<div class=\"e-con-inner\">\n\t\t\t\t<div class=\"elementor-element elementor-element-534e7f1e elementor-widget elementor-widget-text-editor\" data-id=\"534e7f1e\" data-element_type=\"widget\" data-e-type=\"widget\" data-widget_type=\"text-editor.default\">\n\t\t\t\t<div class=\"elementor-widget-container\">\n\t\t\t\t\t\t\t\t\t\n<figure class=\"wp-block-gallery has-nested-images columns-default is-cropped wp-block-gallery-2 is-layout-flex wp-block-gallery-is-layout-flex\"><\/figure>\n\t\t\t\t\t\t\t\t<\/div>\n\t\t\t\t<\/div>\n\t\t\t\t\t<\/div>\n\t\t\t\t<\/div>\n\t\t<div class=\"elementor-element elementor-element-5f75a054 e-flex e-con-boxed e-con e-parent\" data-id=\"5f75a054\" data-element_type=\"container\" data-e-type=\"container\">\n\t\t\t\t\t<div class=\"e-con-inner\">\n\t\t\t\t<div class=\"elementor-element elementor-element-64ba43e0 elementor-widget elementor-widget-heading\" data-id=\"64ba43e0\" data-element_type=\"widget\" data-e-type=\"widget\" data-widget_type=\"heading.default\">\n\t\t\t\t<div class=\"elementor-widget-container\">\n\t\t\t\t\t<h2 class=\"elementor-heading-title elementor-size-default\">EL RECICLAJE NO SOLAMENTE ES VERDE\u2026<\/h2>\t\t\t\t<\/div>\n\t\t\t\t<\/div>\n\t\t\t\t<div class=\"elementor-element elementor-element-4c2bb240 elementor-widget elementor-widget-text-editor\" data-id=\"4c2bb240\" data-element_type=\"widget\" data-e-type=\"widget\" data-widget_type=\"text-editor.default\">\n\t\t\t\t<div class=\"elementor-widget-container\">\n\t\t\t\t\t\t\t\t\t<p>Requiere de la necesaria modificaci\u00f3n del marco legislativo\u00a0en materia de residuos.<\/p>\n<p><br \/>A trav\u00e9s de una intensa relaci\u00f3n de cooperaci\u00f3n entre el Estado de Chile y la Industria Privada se logr\u00f3 una implementaci\u00f3n de la reglamentaci\u00f3n que busca minimizar y eliminar los residuos peligrosos. La cooperaci\u00f3n t\u00e9cnica alemana apoy\u00f3 este dialogo p\u00fablico-privado que hoy d\u00eda constituye una exitosa forma de trabajo.\u00a0CONAMA \u2013 GTZ, 2004-2008.-<\/p>\n<p><img fetchpriority=\"high\" decoding=\"async\" class=\"aligncenter wp-image-304 size-full\" src=\"https:\/\/www.respel.cl\/ResiduosPeligrosos\/wp-content\/uploads\/2024\/07\/Proyecto-respel.cl_.png\" alt=\"Proyecto respel Chile\" width=\"988\" height=\"185\" srcset=\"https:\/\/www.respel.cl\/ResiduosPeligrosos\/wp-content\/uploads\/2024\/07\/Proyecto-respel.cl_.png 988w, https:\/\/www.respel.cl\/ResiduosPeligrosos\/wp-content\/uploads\/2024\/07\/Proyecto-respel.cl_-300x56.png 300w, https:\/\/www.respel.cl\/ResiduosPeligrosos\/wp-content\/uploads\/2024\/07\/Proyecto-respel.cl_-768x144.png 768w\" sizes=\"(max-width: 988px) 100vw, 988px\" \/><\/p>\n<p>\u00a0<\/p>\t\t\t\t\t\t\t\t<\/div>\n\t\t\t\t<\/div>\n\t\t\t\t\t<\/div>\n\t\t\t\t<\/div>\n\t\t<div class=\"elementor-element elementor-element-6e31f1c e-flex e-con-boxed e-con e-parent\" data-id=\"6e31f1c\" data-element_type=\"container\" data-e-type=\"container\">\n\t\t\t\t\t<div class=\"e-con-inner\">\n\t\t\t\t<div class=\"elementor-element elementor-element-ff35177 elementor-widget-divider--view-line elementor-widget elementor-widget-divider\" data-id=\"ff35177\" data-element_type=\"widget\" data-e-type=\"widget\" data-widget_type=\"divider.default\">\n\t\t\t\t<div class=\"elementor-widget-container\">\n\t\t\t\t\t\t\t<div class=\"elementor-divider\">\n\t\t\t<span class=\"elementor-divider-separator\">\n\t\t\t\t\t\t<\/span>\n\t\t<\/div>\n\t\t\t\t\t\t<\/div>\n\t\t\t\t<\/div>\n\t\t\t\t\t<\/div>\n\t\t\t\t<\/div>\n\t\t<div class=\"elementor-element elementor-element-52ae7d9c e-flex e-con-boxed e-con e-parent\" data-id=\"52ae7d9c\" data-element_type=\"container\" data-e-type=\"container\">\n\t\t\t\t\t<div class=\"e-con-inner\">\n\t\t<div class=\"elementor-element elementor-element-3153e49b e-con-full e-flex e-con e-child\" data-id=\"3153e49b\" data-element_type=\"container\" data-e-type=\"container\">\n\t\t\t\t<div class=\"elementor-element elementor-element-6a06d378 elementor-widget elementor-widget-heading\" data-id=\"6a06d378\" data-element_type=\"widget\" data-e-type=\"widget\" data-widget_type=\"heading.default\">\n\t\t\t\t<div class=\"elementor-widget-container\">\n\t\t\t\t\t<h2 class=\"elementor-heading-title elementor-size-default\">RESPONSABILIDAD EXTENDIDA DEL PRODUCTOR - LEY REP 20920<\/h2>\t\t\t\t<\/div>\n\t\t\t\t<\/div>\n\t\t\t\t<div class=\"elementor-element elementor-element-62c618e3 elementor-widget elementor-widget-text-editor\" data-id=\"62c618e3\" data-element_type=\"widget\" data-e-type=\"widget\" data-widget_type=\"text-editor.default\">\n\t\t\t\t<div class=\"elementor-widget-container\">\n\t\t\t\t\t\t\t\t\t<p><strong>En Respel, nos comprometemos con la Ley REP (Responsabilidad Extendida del Productor)<\/strong>, una legislaci\u00f3n crucial que impulsa la gesti\u00f3n ambientalmente adecuada de los productos al final de su vida \u00fatil. Nuestro enfoque se centra en fomentar la responsabilidad de los productores, como nosotros, para gestionar eficientemente los residuos que generamos. Estamos decididos a promover la reducci\u00f3n, reutilizaci\u00f3n y reciclaje, contribuyendo as\u00ed a una econom\u00eda circular y sostenible.<\/p>\n<p>\u00a0<\/p>\n<p><strong>Residuos Principales que Regula la Ley REP<\/strong><\/p>\n<p>\u00a0<\/p>\n<p><strong>Envases y Embalajes: <\/strong>En Respel, tomamos medidas concretas para manejar todo tipo de envases utilizados en la comercializaci\u00f3n de nuestros productos, abarcando botellas, latas, cartones y pl\u00e1sticos.<\/p>\n<p>\u00a0<\/p>\n<p><strong>Residuos Electr\u00f3nicos:\u00a0 <\/strong>Nos aseguramos de gestionar de manera responsable los dispositivos electr\u00f3nicos y el\u00e9ctricos en desuso, como computadoras y tel\u00e9fonos, promoviendo su correcto reciclaje y disposici\u00f3n.<\/p>\n<p>\u00a0<\/p>\n<p><strong>Neum\u00e1ticos: <\/strong>Gestionamos neum\u00e1ticos fuera de uso, implementando procesos que evitan impactos negativos en el medio ambiente y favorecen su reutilizaci\u00f3n.<\/p>\n<p>\u00a0<\/p>\n<p><strong>Bater\u00edas y Acumuladores: <\/strong>Tomamos la responsabilidad de una correcta gesti\u00f3n de bater\u00edas de autom\u00f3viles y dispositivos m\u00f3viles, asegurando el tratamiento adecuado de sus sustancias peligrosas.<\/p>\n<p>\u00a0<\/p>\n<p><strong>Productos de Papel y Cart\u00f3n: <\/strong>Desde Respel, fomentamos el reciclaje de papel y cart\u00f3n generados en nuestras operaciones, contribuyendo a un ciclo de vida m\u00e1s sostenible para estos materiales.<\/p>\n<p>\u00a0<\/p>\n<p><strong>Objetivos de la Ley REP en Respel<\/strong><\/p>\n<p>\u00a0<\/p>\n<p><strong>Reducir la generaci\u00f3n de residuos:<\/strong>\u00a0Estamos comprometidos en adoptar pr\u00e1cticas sostenibles que abarquen toda nuestra cadena de producci\u00f3n y consumo.<\/p>\n<p>\u00a0<\/p>\n<p><strong>Mejorar el reciclaje:<\/strong>\u00a0Trabajamos para aumentar las tasas de reciclaje y reutilizaci\u00f3n de los materiales que utilizamos, transformando nuestros procesos.<\/p>\n<p>\u00a0<\/p>\n<p><strong>Responsabilidad del productor:<\/strong>\u00a0Como empresa responsable, nos hacemos cargo de la gesti\u00f3n de los residuos generados por nuestros productos, aline\u00e1ndonos con las exigencias de la Ley REP.<\/p>\n<p>\u00a0<\/p>\n<p><strong>Incentivar la innovaci\u00f3n:<\/strong>\u00a0En Respel, promovemos el desarrollo de productos m\u00e1s sostenibles y de menor impacto ambiental, impulsando la innovaci\u00f3n en nuestras pr\u00e1cticas.<\/p>\n<p>\u00a0<\/p>\n<p>La Ley REP es una herramienta esencial para avanzar hacia una gesti\u00f3n de residuos m\u00e1s sostenible, y en Respel estamos dedicados a contribuir activamente a la protecci\u00f3n del medio ambiente y al bienestar de nuestra comunidad. Juntos, podemos forjar un futuro m\u00e1s responsable y sostenible.<\/p>\n<p><a href=\"https:\/\/www.bcn.cl\/leychile\/navegar?idNorma=1090894&amp;idParte=9705129&amp;idVersion=2016-06-01\">Ley Rep 20920<\/a><\/p>\n<p><a href=\"https:\/\/www.respel.cl\/ResiduosPeligrosos\/wp-content\/uploads\/2024\/10\/Preguntas-Frecuentes-Ley-REP.pdf\">Preguntas-Frecuentes-Ley-REP<\/a><\/p>\n<p><a href=\"https:\/\/economiacircular.mma.gob.cl\/wp-content\/uploads\/2020\/07\/LEY-REP-20920.pdf\">Presentaci\u00f3n Ley REP<\/a><\/p>\n<p><a href=\"https:\/\/www.bcn.cl\/leychile\/navegar?idNorma=1111512\">Reglamento Ley REP<\/a><\/p>\t\t\t\t\t\t\t\t<\/div>\n\t\t\t\t<\/div>\n\t\t\t\t<\/div>\n\t\t<div class=\"elementor-element elementor-element-4a07b114 e-con-full e-flex e-con e-child\" data-id=\"4a07b114\" data-element_type=\"container\" data-e-type=\"container\">\n\t\t\t\t<div class=\"elementor-element elementor-element-2a48d245 elementor-widget elementor-widget-image\" data-id=\"2a48d245\" data-element_type=\"widget\" data-e-type=\"widget\" data-widget_type=\"image.default\">\n\t\t\t\t<div class=\"elementor-widget-container\">\n\t\t\t\t\t\t\t\t\t\t\t\t<figure class=\"wp-caption\">\n\t\t\t\t\t\t\t\t\t\t\t<a href=\"https:\/\/www.bcn.cl\/leychile\/navegar?idNorma=1090894&#038;idParte=9705129&#038;idVersion=2016-06-01\">\n\t\t\t\t\t\t\t<img decoding=\"async\" width=\"272\" height=\"473\" src=\"https:\/\/www.respel.cl\/ResiduosPeligrosos\/wp-content\/uploads\/2024\/10\/HUELLA-AMBIENTAL-RESPEL2.jpg\" class=\"attachment-large size-large wp-image-2334\" alt=\"\" srcset=\"https:\/\/www.respel.cl\/ResiduosPeligrosos\/wp-content\/uploads\/2024\/10\/HUELLA-AMBIENTAL-RESPEL2.jpg 272w, https:\/\/www.respel.cl\/ResiduosPeligrosos\/wp-content\/uploads\/2024\/10\/HUELLA-AMBIENTAL-RESPEL2-173x300.jpg 173w\" sizes=\"(max-width: 272px) 100vw, 272px\" \/>\t\t\t\t\t\t\t\t<\/a>\n\t\t\t\t\t\t\t\t\t\t\t<figcaption class=\"widget-image-caption wp-caption-text\">NUESTRA HUELLA AMBIENTAL<\/figcaption>\n\t\t\t\t\t\t\t\t\t\t<\/figure>\n\t\t\t\t\t\t\t\t\t<\/div>\n\t\t\t\t<\/div>\n\t\t\t\t<\/div>\n\t\t\t\t\t<\/div>\n\t\t\t\t<\/div>\n\t\t<div class=\"elementor-element elementor-element-19c6c59 e-flex e-con-boxed e-con e-parent\" data-id=\"19c6c59\" data-element_type=\"container\" data-e-type=\"container\">\n\t\t\t\t\t<div class=\"e-con-inner\">\n\t\t\t\t<div class=\"elementor-element elementor-element-fc0dd3d elementor-widget-divider--view-line elementor-widget elementor-widget-divider\" data-id=\"fc0dd3d\" data-element_type=\"widget\" data-e-type=\"widget\" data-widget_type=\"divider.default\">\n\t\t\t\t<div class=\"elementor-widget-container\">\n\t\t\t\t\t\t\t<div class=\"elementor-divider\">\n\t\t\t<span class=\"elementor-divider-separator\">\n\t\t\t\t\t\t<\/span>\n\t\t<\/div>\n\t\t\t\t\t\t<\/div>\n\t\t\t\t<\/div>\n\t\t\t\t\t<\/div>\n\t\t\t\t<\/div>\n\t\t<a class=\"elementor-element elementor-element-18285755 e-flex e-con-boxed e-con e-parent\" data-id=\"18285755\" data-element_type=\"container\" data-e-type=\"container\" href=\"https:\/\/www.respel.cl\/ResiduosPeligrosos\/contacto\/\">\n\t\t\t\t\t<div class=\"e-con-inner\">\n\t\t\t\t<div class=\"elementor-element elementor-element-4fcb09f6 elementor-arrows-position-inside elementor-pagination-position-outside elementor-widget elementor-widget-image-carousel\" data-id=\"4fcb09f6\" data-element_type=\"widget\" data-e-type=\"widget\" data-settings=\"{&quot;autoplay_speed&quot;:5100,&quot;speed&quot;:600,&quot;slides_to_show&quot;:&quot;4&quot;,&quot;slides_to_scroll&quot;:&quot;4&quot;,&quot;navigation&quot;:&quot;both&quot;,&quot;autoplay&quot;:&quot;yes&quot;,&quot;pause_on_hover&quot;:&quot;yes&quot;,&quot;pause_on_interaction&quot;:&quot;yes&quot;,&quot;infinite&quot;:&quot;yes&quot;}\" data-widget_type=\"image-carousel.default\">\n\t\t\t\t<div class=\"elementor-widget-container\">\n\t\t\t\t\t\t\t<div class=\"elementor-image-carousel-wrapper swiper\" role=\"region\" aria-roledescription=\"carousel\" aria-label=\"Carrusel de im\u00e1genes\" dir=\"rtl\">\n\t\t\t<div class=\"elementor-image-carousel swiper-wrapper\" aria-live=\"off\">\n\t\t\t\t\t\t\t\t<div class=\"swiper-slide\" role=\"group\" aria-roledescription=\"slide\" aria-label=\"1 de 4\"><a data-elementor-open-lightbox=\"yes\" data-elementor-lightbox-slideshow=\"4fcb09f6\" data-elementor-lightbox-title=\"CONAMA-300x300\" data-e-action-hash=\"#elementor-action%3Aaction%3Dlightbox%26settings%3DeyJpZCI6MTYyNywidXJsIjoiaHR0cHM6XC9cL3d3dy5yZXNwZWwuY2xcL1Jlc2lkdW9zUGVsaWdyb3Nvc1wvd3AtY29udGVudFwvdXBsb2Fkc1wvMjAyNFwvMDhcL0NPTkFNQS0zMDB4MzAwLTEucG5nIiwic2xpZGVzaG93IjoiNGZjYjA5ZjYifQ%3D%3D\" href=\"https:\/\/economiacircular.mma.gob.cl\/ley-rep\/\"><figure class=\"swiper-slide-inner\"><img decoding=\"async\" class=\"swiper-slide-image\" src=\"https:\/\/www.respel.cl\/ResiduosPeligrosos\/wp-content\/uploads\/2024\/08\/CONAMA-300x300-1.png\" alt=\"CONAMA-300x300\" \/><\/figure><\/a><\/div><div class=\"swiper-slide\" role=\"group\" aria-roledescription=\"slide\" aria-label=\"2 de 4\"><a data-elementor-open-lightbox=\"yes\" data-elementor-lightbox-slideshow=\"4fcb09f6\" data-elementor-lightbox-title=\"respel1-300x300\" data-e-action-hash=\"#elementor-action%3Aaction%3Dlightbox%26settings%3DeyJpZCI6MTYyOCwidXJsIjoiaHR0cHM6XC9cL3d3dy5yZXNwZWwuY2xcL1Jlc2lkdW9zUGVsaWdyb3Nvc1wvd3AtY29udGVudFwvdXBsb2Fkc1wvMjAyNFwvMDhcL3Jlc3BlbDEtMzAweDMwMC0yLnBuZyIsInNsaWRlc2hvdyI6IjRmY2IwOWY2In0%3D\" href=\"https:\/\/economiacircular.mma.gob.cl\/ley-rep\/\"><figure class=\"swiper-slide-inner\"><img decoding=\"async\" class=\"swiper-slide-image\" src=\"https:\/\/www.respel.cl\/ResiduosPeligrosos\/wp-content\/uploads\/2024\/08\/respel1-300x300-2.png\" alt=\"REGLAMENTO LEY REP\" \/><figcaption class=\"elementor-image-carousel-caption\">REGLAMENTO LEY REP<\/figcaption><\/figure><\/a><\/div><div class=\"swiper-slide\" role=\"group\" aria-roledescription=\"slide\" aria-label=\"3 de 4\"><a data-elementor-open-lightbox=\"yes\" data-elementor-lightbox-slideshow=\"4fcb09f6\" data-elementor-lightbox-title=\"respel2-300x300\" data-e-action-hash=\"#elementor-action%3Aaction%3Dlightbox%26settings%3DeyJpZCI6MTYyOSwidXJsIjoiaHR0cHM6XC9cL3d3dy5yZXNwZWwuY2xcL1Jlc2lkdW9zUGVsaWdyb3Nvc1wvd3AtY29udGVudFwvdXBsb2Fkc1wvMjAyNFwvMDhcL3Jlc3BlbDItMzAweDMwMC0yLnBuZyIsInNsaWRlc2hvdyI6IjRmY2IwOWY2In0%3D\" href=\"https:\/\/economiacircular.mma.gob.cl\/ley-rep\/\"><figure class=\"swiper-slide-inner\"><img decoding=\"async\" class=\"swiper-slide-image\" src=\"https:\/\/www.respel.cl\/ResiduosPeligrosos\/wp-content\/uploads\/2024\/08\/respel2-300x300-2.png\" alt=\"PRESENTACI\u00d3N\" \/><figcaption class=\"elementor-image-carousel-caption\">PRESENTACI\u00d3N<\/figcaption><\/figure><\/a><\/div><div class=\"swiper-slide\" role=\"group\" aria-roledescription=\"slide\" aria-label=\"4 de 4\"><a data-elementor-open-lightbox=\"yes\" data-elementor-lightbox-slideshow=\"4fcb09f6\" data-elementor-lightbox-title=\"respel7-300x300\" data-e-action-hash=\"#elementor-action%3Aaction%3Dlightbox%26settings%3DeyJpZCI6MTYzMiwidXJsIjoiaHR0cHM6XC9cL3d3dy5yZXNwZWwuY2xcL1Jlc2lkdW9zUGVsaWdyb3Nvc1wvd3AtY29udGVudFwvdXBsb2Fkc1wvMjAyNFwvMDhcL3Jlc3BlbDctMzAweDMwMC0yLnBuZyIsInNsaWRlc2hvdyI6IjRmY2IwOWY2In0%3D\" href=\"https:\/\/economiacircular.mma.gob.cl\/ley-rep\/\"><figure class=\"swiper-slide-inner\"><img decoding=\"async\" class=\"swiper-slide-image\" src=\"https:\/\/www.respel.cl\/ResiduosPeligrosos\/wp-content\/uploads\/2024\/08\/respel7-300x300-2.png\" alt=\"PREGUNTAS FRECUENTES\" \/><figcaption class=\"elementor-image-carousel-caption\">PREGUNTAS FRECUENTES<\/figcaption><\/figure><\/a><\/div>\t\t\t<\/div>\n\t\t\t\t\t\t\t\t\t\t\t\t<div class=\"elementor-swiper-button elementor-swiper-button-prev\" role=\"button\" tabindex=\"0\">\n\t\t\t\t\t\t<svg aria-hidden=\"true\" class=\"e-font-icon-svg e-eicon-chevron-left\" viewBox=\"0 0 1000 1000\" xmlns=\"http:\/\/www.w3.org\/2000\/svg\"><path d=\"M646 125C629 125 613 133 604 142L308 442C296 454 292 471 292 487 292 504 296 521 308 533L604 854C617 867 629 875 646 875 663 875 679 871 692 858 704 846 713 829 713 812 713 796 708 779 692 767L438 487 692 225C700 217 708 204 708 187 708 171 704 154 692 142 675 129 663 125 646 125Z\"><\/path><\/svg>\t\t\t\t\t<\/div>\n\t\t\t\t\t<div class=\"elementor-swiper-button elementor-swiper-button-next\" role=\"button\" tabindex=\"0\">\n\t\t\t\t\t\t<svg aria-hidden=\"true\" class=\"e-font-icon-svg e-eicon-chevron-right\" viewBox=\"0 0 1000 1000\" xmlns=\"http:\/\/www.w3.org\/2000\/svg\"><path d=\"M696 533C708 521 713 504 713 487 713 471 708 454 696 446L400 146C388 133 375 125 354 125 338 125 325 129 313 142 300 154 292 171 292 187 292 204 296 221 308 233L563 492 304 771C292 783 288 800 288 817 288 833 296 850 308 863 321 871 338 875 354 875 371 875 388 867 400 854L696 533Z\"><\/path><\/svg>\t\t\t\t\t<\/div>\n\t\t\t\t\n\t\t\t\t\t\t\t\t\t<div class=\"swiper-pagination\"><\/div>\n\t\t\t\t\t\t\t\t\t<\/div>\n\t\t\t\t\t\t<\/div>\n\t\t\t\t<\/div>\n\t\t\t\t\t<\/div>\n\t\t\t\t<\/a>\n\t\t<div class=\"elementor-element elementor-element-f3a3fa0 e-flex e-con-boxed e-con e-parent\" data-id=\"f3a3fa0\" data-element_type=\"container\" data-e-type=\"container\">\n\t\t\t\t\t<div class=\"e-con-inner\">\n\t\t\t\t<div class=\"elementor-element elementor-element-fcce819 elementor-widget-divider--view-line elementor-widget elementor-widget-divider\" data-id=\"fcce819\" data-element_type=\"widget\" data-e-type=\"widget\" data-widget_type=\"divider.default\">\n\t\t\t\t<div class=\"elementor-widget-container\">\n\t\t\t\t\t\t\t<div class=\"elementor-divider\">\n\t\t\t<span class=\"elementor-divider-separator\">\n\t\t\t\t\t\t<\/span>\n\t\t<\/div>\n\t\t\t\t\t\t<\/div>\n\t\t\t\t<\/div>\n\t\t\t\t\t<\/div>\n\t\t\t\t<\/div>\n\t\t<div class=\"elementor-element elementor-element-205adbc e-flex e-con-boxed e-con e-parent\" data-id=\"205adbc\" data-element_type=\"container\" data-e-type=\"container\">\n\t\t\t\t\t<div class=\"e-con-inner\">\n\t\t\t\t<div class=\"elementor-element elementor-element-6bfc6c9 elementor-widget elementor-widget-text-editor\" data-id=\"6bfc6c9\" data-element_type=\"widget\" data-e-type=\"widget\" data-widget_type=\"text-editor.default\">\n\t\t\t\t<div class=\"elementor-widget-container\">\n\t\t\t\t\t\t\t\t\t<p><strong>EL DERECHO A REPARAR Y AL REUSO EN LA REP Y ECONOMIA CIRCULAR <\/strong><\/p>\n<p>La reparaci\u00f3n y el reus\u00f3 requieren de una serie de pol\u00edticas que no se encuentran establecidas claramente en la ley REP y tampoco en la hoja de ruta de la econom\u00eda circular del ministerio del medio ambiente. En este orden de cosas tanto en la ley REP como en la hoja de ruta de la econom\u00eda circular \u00a0NO se encuentran iniciativas como; la ampliaci\u00f3n de las garant\u00edas, asegurar la disponibilidad de pieza de recambio o a trav\u00e9s de un acceso m\u00e1s claro a la informaci\u00f3n sobre la reparaci\u00f3n y mantenimiento.-<\/p>\n<p>A partir de lo anterior surgen algunas inc\u00f3gnitas como el hecho de no saber c\u00f3mo afecta la reparaci\u00f3n y el reus\u00f3 al ciclo de vida y al eco-dise\u00f1o, como as\u00ed mismo al etiquetado informativo respecto de la reparabilidad y sobre la vida \u00fatil del producto.-<\/p>\n<p>Entonces cuales son\u00a0<strong>los incentivos<\/strong>\u00a0que se deber\u00e1n establecer por parte de las autoridades competentes \u00a0para los efectos que el consumidor final elija la reparaci\u00f3n y su posterior reus\u00f3 en vez\u00a0<strong>de la sustituci\u00f3n<\/strong>. La reparaci\u00f3n y el reus\u00f3 son un pilar de la mayor importancia para el futuro desarrollo de la ley REP \u00a0y la Econom\u00eda Circular.\u00a0<\/p>\n<p>\u00a0<\/p>\n<p><strong>REFLEXION 1 SOBRE LA REP <\/strong><\/p>\n<p>El valor econ\u00f3mico de un bien al final de su vida \u00fatil es un indicador fundamental para su reciclaje. La existencia de valores residuales positivos facilita la eficiencia econ\u00f3mica de los sistemas de reciclaje. Cuando esos valores no son positivos, la eficiencia del reciclaje no puede basarse en criterios estrictamente econ\u00f3micos.<\/p>\n<p>En este caso cabe preguntarse; es la REP solo para aquellos residuos prioritarios que al final de su vida no tienen valor econ\u00f3mico ya que aquellos con valor econ\u00f3mico se transan para su reciclaje sin que ello requiera de una norma espec\u00edfica. De igual forma cabe preguntarse qui\u00e9n se queda con el valor econ\u00f3mico del residuo prioritario el productor o el generador\u00a0<\/p>\n<p>\u00a0<\/p>\n<p><strong>ALCANCES LEY REP<\/strong><\/p>\n<p>Cu\u00e1les son los criterios para determinar cu\u00e1ndo un residuo prioritario que es sometido a reciclaje o valorizaci\u00f3n deja de ser un residuo? Es el productor o destinatario de los residuos quien define dichos criterios?\u00a0<\/p>\n<p>\u00a0<\/p>\n<p><strong>FIN DE LA CONDICION DE RESIDUO<\/strong><\/p>\n<p>La Econom\u00eda Circular requiere de grandes inversiones para los efectos de cumplir con las nuevas iniciativas de la hoja de ruta de la Econom\u00eda Circular publicada por el ministerio del medio ambiente, motivo por el cual resulta esencial el desarrollo de los criterios de fin de la condici\u00f3n de residuo lo que permitir\u00e1 lograr un mercado que funcione correctamente para las materias primas secundarias o subproductos. Es fundamental un desarrollo urgente a objeto de igualar las condiciones con las materias primas que se extraen. Es por ello que la autoridad debe acelerar\u00a0 de manera urgente el desarrollo de los criterios de fin de la condici\u00f3n de residuo al menos para los residuos prioritarios que se indican en la ley REP.<\/p>\n<p><br \/><strong>REFLEXIONES 2 \u00a0LEY REP<\/strong><\/p>\n<p>La Ley REP obliga al productor y al generador respecto a la gesti\u00f3n de sus residuos prioritarios a asegurar el tratamiento adecuado de los mismos, recayendo la responsabilidad en la gesti\u00f3n, primeramente, en ellos. Esta obligaci\u00f3n, impuesta al productor y generador, de garantizar un tratamiento de sus residuos de acuerdo a lo establecido en la ley REP, deber\u00eda traducirse en un control de toda la cadena de gesti\u00f3n del residuo y un control de la correcta trazabilidad del residuo desde el origen hasta su destino final\u00a0 ya sean estos valorizados, recuperados o eliminados. Sin embargo, no queda del todo claro si la responsabilidad se extingue con la entrega del residuo al destinatario final<\/p>\n<p>De igual forma no queda claro en la ley REP si la responsabilidad\u00a0 de la gesti\u00f3n, tratamiento, recuperaci\u00f3n o reciclaje es compartida entre el generador y el productor como as\u00ed mismo si el residuo prioritario debe ser entregado al productor\u00a0 o al sistema de gesti\u00f3n que este utilice o el generador podr\u00e1 optar por otra alternativa que se encuentre autorizada para tales efectos.-\u00a0<br \/>\u00a0<\/p>\n<p><strong>LOS SUBPRODUCTOS Y EL FIN DE LA CONDICI\u00d3N DE RESIDUO.<\/strong><\/p>\n<p>La consolidaci\u00f3n de una econom\u00eda circular en que los residuos se reincorporan al circuito econ\u00f3mico convirti\u00e9ndose en un activo es de la mayor importancia para el sector productivo. No tan solo permite la creaci\u00f3n de nuevos mercados, como as\u00ed mismo ahorrar en los costos de producci\u00f3n y mantener en la econom\u00eda recursos con gran valor a\u00f1adido, generando expectativas de crecimiento en el pa\u00eds<\/p>\n<p>Para la realizaci\u00f3n de dichos objetivos la definici\u00f3n de subproducto como as\u00ed mismo\u00a0 el fin de la condici\u00f3n de residuo resultan ser de la mayor importancia. Cabe hacer presente que la transformaci\u00f3n del residuo que abandona esa condici\u00f3n para convertirse en un producto comercializable y exento de las limitaciones y trabas asociadas a los residuos, requiere de un marco jur\u00eddico que haga realidad esta situaci\u00f3n para las empresas sin que exista riesgo de distorsiones competitivas. La ley REP como as\u00ed mismo la Hoja de Ruta de la\u00a0 Econom\u00eda Circular, ambos elaborados por el Ministerio del Medio Ambiente\u00a0 NO\u00a0 avanzan en esa direcci\u00f3n. Este procedimiento resulta imprescindible para regular la utilizaci\u00f3n de los materiales susceptibles de valorizaci\u00f3n que aguardan la creaci\u00f3n de un marco jur\u00eddico distinto al aplicable a los residuos.\u00a0<\/p>\n<p>\u00a0<\/p>\n<p>\u00a0<\/p>\n<p><strong>COMENTARIO 1 <\/strong><\/p>\n<p>Cuantos residuos de los que generamos terminan en un vertedero?<\/p>\n<p>Cuanto nos falta para alcanzar la circularidad de los residuos?<\/p>\n<p>Qu\u00e9 lugar ocupa la jerarqu\u00eda de residuos en la gesti\u00f3n integral de los residuos de acuerdo a lo que establece la ley REP?<\/p>\n<p>No cabe duda que nos queda un largo camino por recorrer donde la econom\u00eda circular\u00a0 es una materia pendiente para gran parte de nuestro pa\u00eds.<\/p>\n<p>\u00a0<\/p>\n<p><strong>LA LEY REP Y LOS CONSUMIDORES<\/strong><\/p>\n<p>La REP\u00a0 y la econom\u00eda circular supondr\u00e1n una ventaja competitiva para las empresas en el entendido que los consumidores\u00a0 exigir\u00e1n su cumplimiento?\u00a0 En este orden de cosas cabe hacer presente que los consumidores no son parte de la ley REP.<br \/>Entonces cabe preguntarse; Consideraran los consumidores\u00a0 el impacto de sus comportamientos de compra si no cuentan con la informaci\u00f3n necesaria para una acertada toma decisi\u00f3n?<br \/>\u00abLos fabricantes y las empresas tienen que impulsar la transici\u00f3n a la econom\u00eda circular. Sin embargo, esto no es posible sin la participaci\u00f3n de los consumidores. Por lo tanto, hay que hacer m\u00e1s para llenar el vac\u00edo de informaci\u00f3n, garantizar que la concienciaci\u00f3n de los consumidores sea prioritaria y proporcionar informaci\u00f3n validada y de confianza\u00bb, afirma Luca Crisciotti. Director general de Supply Chain &amp; Product Assurance en DNV.<\/p>\n<p><br \/>No cabe duda que el convidado de piedra de la ley REP es el consumidor. El conocimiento del consumidor resulta fundamental a la hora de impulsar la REP y la Econom\u00eda circular.<\/p>\n<p>\u00a0<\/p>\n<p><strong>LEY REP Y EL PRODUCTOR<\/strong><\/p>\n<p>La ley relativa a la responsabilidad extendida al productor (REP) se\u00f1ala que la responsabilidad que tiene el fabricante sobre sus productos se extiende a lo largo de todo el ciclo de vida de estos y, por tanto, el fabricante o importador\u00a0 es el responsable \u00faltimo de recuperar sus productos cuando \u00e9stos han llegado al final de su vida \u00fatil, asumiendo el costo de gesti\u00f3n de estos.<br \/>En este orden de cosas la ley REP no especifica si la recuperaci\u00f3n de un producto\/residuo en el mismo proceso que se gener\u00f3 o en otro distinto forma parte del ciclo de vida del producto y si es responsabilidad del productor la gesti\u00f3n de este.<\/p>\n<p>En este sentido es del caso preguntarse ya que no queda del todo claro en la ley REP lo siguiente;<br \/>Forma parte del ciclo de vida de un producto\/residuo la recuperaci\u00f3n de este y por ende su gesti\u00f3n seria responsabilidad del productor?<\/p>\n<p>O en caso contrario; es decir que la recuperaci\u00f3n de un producto\/residuo no forme parte del ciclo de vida del mismo, se debe entender entonces que la gesti\u00f3n futura del producto\/residuo recuperado es responsabilidad de quien lo genero o de aquel que lo recupero?\u00a0<\/p>\n<p>\u00a0<\/p>\n<p><strong>LEY REP Y RETROACTIVIDAD<\/strong><\/p>\n<p>La ley REP\u00a0 N\u00ba 20.920 no tiene efectos retroactivos ya que su aplicaci\u00f3n no toma en cuenta situaciones previas a su\u00a0 entrada en vigencia, como as\u00ed mismo la ley REP no se\u00f1ala ninguna disposici\u00f3n en contrario.<\/p>\n<p>\u00a0<\/p>\n<p>En este sentido no queda claro\u00a0 lo siguiente;<\/p>\n<p>Lo residuos prioritarios que se generaron antes de la entrada en vigencia de la ley forman parte de las metas asociadas a la Gesti\u00f3n de Residuos que deben cumplir los productores?<br \/><br \/>En qu\u00e9 situaci\u00f3n normativa\u00a0 quedan aquellos residuos prioritarios que se generaron antes de la entrada en vigencia de la ley?<\/p>\n<p><br \/>De igual forma cabe preguntarse en qu\u00e9 situaci\u00f3n quedan con la entrada en vigencia de la ley REP aquellos generadores de residuos prioritarios que cuentan con autorizaciones ambientales, permisos sectoriales y dem\u00e1s autorizaciones, que eventualmente dichas autorizaciones se contrapongan con la ley REP?<\/p>\t\t\t\t\t\t\t\t<\/div>\n\t\t\t\t<\/div>\n\t\t\t\t\t<\/div>\n\t\t\t\t<\/div>\n\t\t<div class=\"elementor-element elementor-element-6c89c89e e-flex e-con-boxed e-con e-parent\" data-id=\"6c89c89e\" data-element_type=\"container\" data-e-type=\"container\">\n\t\t\t\t\t<div class=\"e-con-inner\">\n\t\t<div class=\"elementor-element elementor-element-46107d9f e-con-full e-flex e-con e-child\" data-id=\"46107d9f\" data-element_type=\"container\" data-e-type=\"container\">\n\t\t\t\t<div class=\"elementor-element elementor-element-5f2cbd4f elementor-widget elementor-widget-heading\" data-id=\"5f2cbd4f\" data-element_type=\"widget\" data-e-type=\"widget\" data-widget_type=\"heading.default\">\n\t\t\t\t<div class=\"elementor-widget-container\">\n\t\t\t\t\t<h3 class=\"elementor-heading-title elementor-size-default\"><a href=\"https:\/\/www.respel.cl\/ResiduosPeligrosos\/contacto\/\"><br><br><br><br>TE PODEMOS AYUDAR: <br><br>\nESCRIBENOS A: <br><br><br><br>CONTACTO@RESPEL.C L<\/a><\/h3>\t\t\t\t<\/div>\n\t\t\t\t<\/div>\n\t\t\t\t<\/div>\n\t\t<div class=\"elementor-element elementor-element-2052c64f e-con-full e-flex e-con e-child\" data-id=\"2052c64f\" data-element_type=\"container\" data-e-type=\"container\">\n\t\t\t\t<div class=\"elementor-element elementor-element-2a6f5fdc elementor-widget elementor-widget-image\" data-id=\"2a6f5fdc\" data-element_type=\"widget\" data-e-type=\"widget\" data-widget_type=\"image.default\">\n\t\t\t\t<div class=\"elementor-widget-container\">\n\t\t\t\t\t\t\t\t\t\t\t\t\t\t\t\t<a href=\"https:\/\/www.respel.cl\/ResiduosPeligrosos\/contacto\/\">\n\t\t\t\t\t\t\t<img decoding=\"async\" width=\"295\" height=\"271\" src=\"https:\/\/www.respel.cl\/ResiduosPeligrosos\/wp-content\/uploads\/2024\/08\/respel8-300x300-1.png\" class=\"attachment-large size-large wp-image-1581\" alt=\"\" \/>\t\t\t\t\t\t\t\t<\/a>\n\t\t\t\t\t\t\t\t\t\t\t\t\t\t\t<\/div>\n\t\t\t\t<\/div>\n\t\t\t\t<\/div>\n\t\t\t\t\t<\/div>\n\t\t\t\t<\/div>\n\t\t\t\t<\/div>\n\t\t","protected":false},"excerpt":{"rendered":"EL RECICLAJE NO SOLAMENTE ES VERDE\u2026 Requiere de la necesaria modificaci\u00f3n del marco legislativo\u00a0en materia de residuos. A trav\u00e9s de una intensa relaci\u00f3n de cooperaci\u00f3n entre el Estado de Chile y la Industria Privada se logr\u00f3 una implementaci\u00f3n de la reglamentaci\u00f3n que busca minimizar y eliminar los residuos peligrosos. La cooperaci\u00f3n t\u00e9cnica alemana apoy\u00f3 este [&hellip;]","protected":false},"author":2,"featured_media":1786,"parent":0,"menu_order":0,"comment_status":"closed","ping_status":"closed","template":"","meta":{"footnotes":""},"class_list":["post-2352","page","type-page","status-publish","has-post-thumbnail","hentry"],"yoast_head":"<!-- This site is optimized with the Yoast SEO plugin v27.2 - https:\/\/yoast.com\/product\/yoast-seo-wordpress\/ -->\n<title>\u267b\ufe0f Ley REP en Chile | Obligaciones, Trazabilidad y Gesti\u00f3n Sustentable<\/title>\n<meta name=\"description\" content=\"Inf\u00f3rmate sobre la Ley REP en Chile y c\u00f3mo afecta a productores y gestores de residuos. En RESPEL.cl te ayudamos a cumplir con trazabilidad, recolecci\u00f3n autorizada y responsabilidad ambiental.\" \/>\n<meta name=\"robots\" content=\"index, follow, max-snippet:-1, max-image-preview:large, max-video-preview:-1\" \/>\n<link rel=\"canonical\" href=\"https:\/\/www.respel.cl\/ResiduosPeligrosos\/ley-rep\/\" \/>\n<meta property=\"og:locale\" content=\"es_ES\" \/>\n<meta property=\"og:type\" content=\"article\" \/>\n<meta property=\"og:title\" content=\"\u267b\ufe0f Ley REP en Chile | Obligaciones, Trazabilidad y Gesti\u00f3n Sustentable\" \/>\n<meta property=\"og:description\" content=\"Inf\u00f3rmate sobre la Ley REP en Chile y c\u00f3mo afecta a productores y gestores de residuos. En RESPEL.cl te ayudamos a cumplir con trazabilidad, recolecci\u00f3n autorizada y responsabilidad ambiental.\" \/>\n<meta property=\"og:url\" content=\"https:\/\/www.respel.cl\/ResiduosPeligrosos\/ley-rep\/\" \/>\n<meta property=\"og:site_name\" content=\"Plataforma Ambiental Respel\" \/>\n<meta property=\"article:modified_time\" content=\"2025-08-27T12:15:13+00:00\" \/>\n<meta property=\"og:image\" content=\"https:\/\/www.respel.cl\/ResiduosPeligrosos\/wp-content\/uploads\/2024\/08\/respel7-300x300-removebg-preview.png\" \/>\n\t<meta property=\"og:image:width\" content=\"300\" \/>\n\t<meta property=\"og:image:height\" content=\"300\" \/>\n\t<meta property=\"og:image:type\" content=\"image\/png\" \/>\n<meta name=\"twitter:card\" content=\"summary_large_image\" \/>\n<meta name=\"twitter:label1\" content=\"Tiempo de lectura\" \/>\n\t<meta name=\"twitter:data1\" content=\"11 minutos\" \/>\n<script type=\"application\/ld+json\" class=\"yoast-schema-graph\">{\"@context\":\"https:\/\/schema.org\",\"@graph\":[{\"@type\":\"WebPage\",\"@id\":\"https:\/\/www.respel.cl\/ResiduosPeligrosos\/ley-rep\/\",\"url\":\"https:\/\/www.respel.cl\/ResiduosPeligrosos\/ley-rep\/\",\"name\":\"\u267b\ufe0f Ley REP en Chile | Obligaciones, Trazabilidad y Gesti\u00f3n Sustentable\",\"isPartOf\":{\"@id\":\"https:\/\/www.respel.cl\/ResiduosPeligrosos\/#website\"},\"primaryImageOfPage\":{\"@id\":\"https:\/\/www.respel.cl\/ResiduosPeligrosos\/ley-rep\/#primaryimage\"},\"image\":{\"@id\":\"https:\/\/www.respel.cl\/ResiduosPeligrosos\/ley-rep\/#primaryimage\"},\"thumbnailUrl\":\"https:\/\/www.respel.cl\/ResiduosPeligrosos\/wp-content\/uploads\/2024\/08\/respel7-300x300-removebg-preview.png\",\"datePublished\":\"2024-10-16T14:44:32+00:00\",\"dateModified\":\"2025-08-27T12:15:13+00:00\",\"description\":\"Inf\u00f3rmate sobre la Ley REP en Chile y c\u00f3mo afecta a productores y gestores de residuos. En RESPEL.cl te ayudamos a cumplir con trazabilidad, recolecci\u00f3n autorizada y responsabilidad ambiental.\",\"breadcrumb\":{\"@id\":\"https:\/\/www.respel.cl\/ResiduosPeligrosos\/ley-rep\/#breadcrumb\"},\"inLanguage\":\"es\",\"potentialAction\":[{\"@type\":\"ReadAction\",\"target\":[\"https:\/\/www.respel.cl\/ResiduosPeligrosos\/ley-rep\/\"]}]},{\"@type\":\"ImageObject\",\"inLanguage\":\"es\",\"@id\":\"https:\/\/www.respel.cl\/ResiduosPeligrosos\/ley-rep\/#primaryimage\",\"url\":\"https:\/\/www.respel.cl\/ResiduosPeligrosos\/wp-content\/uploads\/2024\/08\/respel7-300x300-removebg-preview.png\",\"contentUrl\":\"https:\/\/www.respel.cl\/ResiduosPeligrosos\/wp-content\/uploads\/2024\/08\/respel7-300x300-removebg-preview.png\",\"width\":300,\"height\":300},{\"@type\":\"BreadcrumbList\",\"@id\":\"https:\/\/www.respel.cl\/ResiduosPeligrosos\/ley-rep\/#breadcrumb\",\"itemListElement\":[{\"@type\":\"ListItem\",\"position\":1,\"name\":\"Portada\",\"item\":\"https:\/\/www.respel.cl\/ResiduosPeligrosos\/\"},{\"@type\":\"ListItem\",\"position\":2,\"name\":\"Ley Rep\"}]},{\"@type\":\"WebSite\",\"@id\":\"https:\/\/www.respel.cl\/ResiduosPeligrosos\/#website\",\"url\":\"https:\/\/www.respel.cl\/ResiduosPeligrosos\/\",\"name\":\"Gesti\u00f3n Global de Residuos Respel\",\"description\":\"RESPEL.cl es una plataforma ambiental especializada en la gesti\u00f3n inteligente de residuos industriales peligrosos y no peligrosos, que impulsa la econom\u00eda circular mediante soluciones innovadoras, trazables y alineadas con la normativa vigente\",\"publisher\":{\"@id\":\"https:\/\/www.respel.cl\/ResiduosPeligrosos\/#organization\"},\"alternateName\":\"Respel en Chile\",\"potentialAction\":[{\"@type\":\"SearchAction\",\"target\":{\"@type\":\"EntryPoint\",\"urlTemplate\":\"https:\/\/www.respel.cl\/ResiduosPeligrosos\/?s={search_term_string}\"},\"query-input\":{\"@type\":\"PropertyValueSpecification\",\"valueRequired\":true,\"valueName\":\"search_term_string\"}}],\"inLanguage\":\"es\"},{\"@type\":\"Organization\",\"@id\":\"https:\/\/www.respel.cl\/ResiduosPeligrosos\/#organization\",\"name\":\"Plataforma de Gesti\u00f3n Ambiental RESPEL\",\"alternateName\":\"Plataforma de Gesti\u00f3n Ambiental Respel Spa\",\"url\":\"https:\/\/www.respel.cl\/ResiduosPeligrosos\/\",\"logo\":{\"@type\":\"ImageObject\",\"inLanguage\":\"es\",\"@id\":\"https:\/\/www.respel.cl\/ResiduosPeligrosos\/#\/schema\/logo\/image\/\",\"url\":\"https:\/\/www.respel.cl\/ResiduosPeligrosos\/wp-content\/uploads\/2025\/03\/logo.svg\",\"contentUrl\":\"https:\/\/www.respel.cl\/ResiduosPeligrosos\/wp-content\/uploads\/2025\/03\/logo.svg\",\"width\":678,\"height\":166,\"caption\":\"Plataforma de Gesti\u00f3n Ambiental RESPEL\"},\"image\":{\"@id\":\"https:\/\/www.respel.cl\/ResiduosPeligrosos\/#\/schema\/logo\/image\/\"}}]}<\/script>\n<!-- \/ Yoast SEO plugin. -->","yoast_head_json":{"title":"\u267b\ufe0f Ley REP en Chile | Obligaciones, Trazabilidad y Gesti\u00f3n Sustentable","description":"Inf\u00f3rmate sobre la Ley REP en Chile y c\u00f3mo afecta a productores y gestores de residuos. En RESPEL.cl te ayudamos a cumplir con trazabilidad, recolecci\u00f3n autorizada y responsabilidad ambiental.","robots":{"index":"index","follow":"follow","max-snippet":"max-snippet:-1","max-image-preview":"max-image-preview:large","max-video-preview":"max-video-preview:-1"},"canonical":"https:\/\/www.respel.cl\/ResiduosPeligrosos\/ley-rep\/","og_locale":"es_ES","og_type":"article","og_title":"\u267b\ufe0f Ley REP en Chile | Obligaciones, Trazabilidad y Gesti\u00f3n Sustentable","og_description":"Inf\u00f3rmate sobre la Ley REP en Chile y c\u00f3mo afecta a productores y gestores de residuos. En RESPEL.cl te ayudamos a cumplir con trazabilidad, recolecci\u00f3n autorizada y responsabilidad ambiental.","og_url":"https:\/\/www.respel.cl\/ResiduosPeligrosos\/ley-rep\/","og_site_name":"Plataforma Ambiental Respel","article_modified_time":"2025-08-27T12:15:13+00:00","og_image":[{"width":300,"height":300,"url":"https:\/\/www.respel.cl\/ResiduosPeligrosos\/wp-content\/uploads\/2024\/08\/respel7-300x300-removebg-preview.png","type":"image\/png"}],"twitter_card":"summary_large_image","twitter_misc":{"Tiempo de lectura":"11 minutos"},"schema":{"@context":"https:\/\/schema.org","@graph":[{"@type":"WebPage","@id":"https:\/\/www.respel.cl\/ResiduosPeligrosos\/ley-rep\/","url":"https:\/\/www.respel.cl\/ResiduosPeligrosos\/ley-rep\/","name":"\u267b\ufe0f Ley REP en Chile | Obligaciones, Trazabilidad y Gesti\u00f3n Sustentable","isPartOf":{"@id":"https:\/\/www.respel.cl\/ResiduosPeligrosos\/#website"},"primaryImageOfPage":{"@id":"https:\/\/www.respel.cl\/ResiduosPeligrosos\/ley-rep\/#primaryimage"},"image":{"@id":"https:\/\/www.respel.cl\/ResiduosPeligrosos\/ley-rep\/#primaryimage"},"thumbnailUrl":"https:\/\/www.respel.cl\/ResiduosPeligrosos\/wp-content\/uploads\/2024\/08\/respel7-300x300-removebg-preview.png","datePublished":"2024-10-16T14:44:32+00:00","dateModified":"2025-08-27T12:15:13+00:00","description":"Inf\u00f3rmate sobre la Ley REP en Chile y c\u00f3mo afecta a productores y gestores de residuos. En RESPEL.cl te ayudamos a cumplir con trazabilidad, recolecci\u00f3n autorizada y responsabilidad ambiental.","breadcrumb":{"@id":"https:\/\/www.respel.cl\/ResiduosPeligrosos\/ley-rep\/#breadcrumb"},"inLanguage":"es","potentialAction":[{"@type":"ReadAction","target":["https:\/\/www.respel.cl\/ResiduosPeligrosos\/ley-rep\/"]}]},{"@type":"ImageObject","inLanguage":"es","@id":"https:\/\/www.respel.cl\/ResiduosPeligrosos\/ley-rep\/#primaryimage","url":"https:\/\/www.respel.cl\/ResiduosPeligrosos\/wp-content\/uploads\/2024\/08\/respel7-300x300-removebg-preview.png","contentUrl":"https:\/\/www.respel.cl\/ResiduosPeligrosos\/wp-content\/uploads\/2024\/08\/respel7-300x300-removebg-preview.png","width":300,"height":300},{"@type":"BreadcrumbList","@id":"https:\/\/www.respel.cl\/ResiduosPeligrosos\/ley-rep\/#breadcrumb","itemListElement":[{"@type":"ListItem","position":1,"name":"Portada","item":"https:\/\/www.respel.cl\/ResiduosPeligrosos\/"},{"@type":"ListItem","position":2,"name":"Ley Rep"}]},{"@type":"WebSite","@id":"https:\/\/www.respel.cl\/ResiduosPeligrosos\/#website","url":"https:\/\/www.respel.cl\/ResiduosPeligrosos\/","name":"Gesti\u00f3n Global de Residuos Respel","description":"RESPEL.cl es una plataforma ambiental especializada en la gesti\u00f3n inteligente de residuos industriales peligrosos y no peligrosos, que impulsa la econom\u00eda circular mediante soluciones innovadoras, trazables y alineadas con la normativa vigente","publisher":{"@id":"https:\/\/www.respel.cl\/ResiduosPeligrosos\/#organization"},"alternateName":"Respel en Chile","potentialAction":[{"@type":"SearchAction","target":{"@type":"EntryPoint","urlTemplate":"https:\/\/www.respel.cl\/ResiduosPeligrosos\/?s={search_term_string}"},"query-input":{"@type":"PropertyValueSpecification","valueRequired":true,"valueName":"search_term_string"}}],"inLanguage":"es"},{"@type":"Organization","@id":"https:\/\/www.respel.cl\/ResiduosPeligrosos\/#organization","name":"Plataforma de Gesti\u00f3n Ambiental RESPEL","alternateName":"Plataforma de Gesti\u00f3n Ambiental Respel Spa","url":"https:\/\/www.respel.cl\/ResiduosPeligrosos\/","logo":{"@type":"ImageObject","inLanguage":"es","@id":"https:\/\/www.respel.cl\/ResiduosPeligrosos\/#\/schema\/logo\/image\/","url":"https:\/\/www.respel.cl\/ResiduosPeligrosos\/wp-content\/uploads\/2025\/03\/logo.svg","contentUrl":"https:\/\/www.respel.cl\/ResiduosPeligrosos\/wp-content\/uploads\/2025\/03\/logo.svg","width":678,"height":166,"caption":"Plataforma de Gesti\u00f3n Ambiental RESPEL"},"image":{"@id":"https:\/\/www.respel.cl\/ResiduosPeligrosos\/#\/schema\/logo\/image\/"}}]}},"_links":{"self":[{"href":"https:\/\/www.respel.cl\/ResiduosPeligrosos\/wp-json\/wp\/v2\/pages\/2352","targetHints":{"allow":["GET"]}}],"collection":[{"href":"https:\/\/www.respel.cl\/ResiduosPeligrosos\/wp-json\/wp\/v2\/pages"}],"about":[{"href":"https:\/\/www.respel.cl\/ResiduosPeligrosos\/wp-json\/wp\/v2\/types\/page"}],"author":[{"embeddable":true,"href":"https:\/\/www.respel.cl\/ResiduosPeligrosos\/wp-json\/wp\/v2\/users\/2"}],"replies":[{"embeddable":true,"href":"https:\/\/www.respel.cl\/ResiduosPeligrosos\/wp-json\/wp\/v2\/comments?post=2352"}],"version-history":[{"count":29,"href":"https:\/\/www.respel.cl\/ResiduosPeligrosos\/wp-json\/wp\/v2\/pages\/2352\/revisions"}],"predecessor-version":[{"id":2427,"href":"https:\/\/www.respel.cl\/ResiduosPeligrosos\/wp-json\/wp\/v2\/pages\/2352\/revisions\/2427"}],"wp:featuredmedia":[{"embeddable":true,"href":"https:\/\/www.respel.cl\/ResiduosPeligrosos\/wp-json\/wp\/v2\/media\/1786"}],"wp:attachment":[{"href":"https:\/\/www.respel.cl\/ResiduosPeligrosos\/wp-json\/wp\/v2\/media?parent=2352"}],"curies":[{"name":"wp","href":"https:\/\/api.w.org\/{rel}","templated":true}]}}